{"version":"1.0","provider_name":"Karate Canada","provider_url":"https:\/\/karatecanada.org\/fr\/","author_name":"Andrea Mortenson","author_url":"https:\/\/karatecanada.org\/fr\/author\/andi\/","title":"14 M\u00c9DAILLES AUX CHAMPIONNATS PANAM\u00c9RICAINS JUNIOR 2019 - Karate Canada","type":"rich","width":600,"height":338,"html":"<blockquote class=\"wp-embedded-content\" data-secret=\"lE9bD4Vm0Z\"><a href=\"https:\/\/karatecanada.org\/fr\/14-medailles-aux-championnats-panamericains-junior-2019\/\">14 M\u00c9DAILLES AUX CHAMPIONNATS PANAM\u00c9RICAINS JUNIOR 2019<\/a><\/blockquote><iframe sandbox=\"allow-scripts\" security=\"restricted\" src=\"https:\/\/karatecanada.org\/fr\/14-medailles-aux-championnats-panamericains-junior-2019\/embed\/#?secret=lE9bD4Vm0Z\" width=\"600\" height=\"338\" title=\"\u00ab\u00a014 M\u00c9DAILLES AUX CHAMPIONNATS PANAM\u00c9RICAINS JUNIOR 2019\u00a0\u00bb &#8212; Karate Canada\" data-secret=\"lE9bD4Vm0Z\" frameborder=\"0\" marginwidth=\"0\" marginheight=\"0\" scrolling=\"no\" class=\"wp-embedded-content\"><\/iframe><script type=\"text\/javascript\">\n\/* <![CDATA[ *\/\n\/*! This file is auto-generated *\/\n!function(d,l){\"use strict\";l.querySelector&&d.addEventListener&&\"undefined\"!=typeof URL&&(d.wp=d.wp||{},d.wp.receiveEmbedMessage||(d.wp.receiveEmbedMessage=function(e){var t=e.data;if((t||t.secret||t.message||t.value)&&!\/[^a-zA-Z0-9]\/.test(t.secret)){for(var s,r,n,a=l.querySelectorAll('iframe[data-secret=\"'+t.secret+'\"]'),o=l.querySelectorAll('blockquote[data-secret=\"'+t.secret+'\"]'),c=new RegExp(\"^https?:$\",\"i\"),i=0;i<o.length;i++)o[i].style.display=\"none\";for(i=0;i<a.length;i++)s=a[i],e.source===s.contentWindow&&(s.removeAttribute(\"style\"),\"height\"===t.message?(1e3<(r=parseInt(t.value,10))?r=1e3:~~r<200&&(r=200),s.height=r):\"link\"===t.message&&(r=new URL(s.getAttribute(\"src\")),n=new URL(t.value),c.test(n.protocol))&&n.host===r.host&&l.activeElement===s&&(d.top.location.href=t.value))}},d.addEventListener(\"message\",d.wp.receiveEmbedMessage,!1),l.addEventListener(\"DOMContentLoaded\",function(){for(var e,t,s=l.querySelectorAll(\"iframe.wp-embedded-content\"),r=0;r<s.length;r++)(t=(e=s[r]).getAttribute(\"data-secret\"))||(t=Math.random().toString(36).substring(2,12),e.src+=\"#?secret=\"+t,e.setAttribute(\"data-secret\",t)),e.contentWindow.postMessage({message:\"ready\",secret:t},\"*\")},!1)))}(window,document);\n\/\/# sourceURL=https:\/\/karatecanada.org\/wp-includes\/js\/wp-embed.min.js\n\/* ]]> *\/\n<\/script>\n","thumbnail_url":"https:\/\/karatecanada.org\/wp-content\/uploads\/2019\/09\/2019-09-19_News.jpeg","thumbnail_width":768,"thumbnail_height":484,"description":"La d\u00e9l\u00e9gation canadienne, comprenant 79 membres du bassin de l\u2019\u00e9quipe nationale junior de karat\u00e9, c\u00e9l\u00e8bre une performance remarquable r\u00e9alis\u00e9e lors des championnats panam\u00e9ricains cadet et junior 2019, qui ont eu lieu \u00e0 Guayaquil, en \u00c9quateur, du 28 ao\u00fbt au 1erseptembre. Cet \u00e9v\u00e9nement international important r\u00e9unissait 806 athl\u00e8tes provenant de 22 pays diff\u00e9rents. L\u2019\u00e9quipe canadienne y [&hellip;]"}