{"version":"1.0","provider_name":"Karate Canada","provider_url":"https:\/\/karatecanada.org\/fr\/","author_name":"brenda gilbert","author_url":"https:\/\/karatecanada.org\/fr\/author\/brenda\/","title":"Championnat de karat\u00e9 du Commonwealth 2018 - Karate Canada","type":"rich","width":600,"height":338,"html":"<blockquote class=\"wp-embedded-content\" data-secret=\"vH76DwsHOk\"><a href=\"https:\/\/karatecanada.org\/fr\/championnat-de-karate-du-commonwealth-2018\/\">Championnat de karat\u00e9 du Commonwealth 2018<\/a><\/blockquote><iframe sandbox=\"allow-scripts\" security=\"restricted\" src=\"https:\/\/karatecanada.org\/fr\/championnat-de-karate-du-commonwealth-2018\/embed\/#?secret=vH76DwsHOk\" width=\"600\" height=\"338\" title=\"\u00ab\u00a0Championnat de karat\u00e9 du Commonwealth 2018\u00a0\u00bb &#8212; Karate Canada\" data-secret=\"vH76DwsHOk\" frameborder=\"0\" marginwidth=\"0\" marginheight=\"0\" scrolling=\"no\" class=\"wp-embedded-content\"><\/iframe><script type=\"text\/javascript\">\n\/* <![CDATA[ *\/\n\/*! This file is auto-generated *\/\n!function(d,l){\"use strict\";l.querySelector&&d.addEventListener&&\"undefined\"!=typeof URL&&(d.wp=d.wp||{},d.wp.receiveEmbedMessage||(d.wp.receiveEmbedMessage=function(e){var t=e.data;if((t||t.secret||t.message||t.value)&&!\/[^a-zA-Z0-9]\/.test(t.secret)){for(var s,r,n,a=l.querySelectorAll('iframe[data-secret=\"'+t.secret+'\"]'),o=l.querySelectorAll('blockquote[data-secret=\"'+t.secret+'\"]'),c=new RegExp(\"^https?:$\",\"i\"),i=0;i<o.length;i++)o[i].style.display=\"none\";for(i=0;i<a.length;i++)s=a[i],e.source===s.contentWindow&&(s.removeAttribute(\"style\"),\"height\"===t.message?(1e3<(r=parseInt(t.value,10))?r=1e3:~~r<200&&(r=200),s.height=r):\"link\"===t.message&&(r=new URL(s.getAttribute(\"src\")),n=new URL(t.value),c.test(n.protocol))&&n.host===r.host&&l.activeElement===s&&(d.top.location.href=t.value))}},d.addEventListener(\"message\",d.wp.receiveEmbedMessage,!1),l.addEventListener(\"DOMContentLoaded\",function(){for(var e,t,s=l.querySelectorAll(\"iframe.wp-embedded-content\"),r=0;r<s.length;r++)(t=(e=s[r]).getAttribute(\"data-secret\"))||(t=Math.random().toString(36).substring(2,12),e.src+=\"#?secret=\"+t,e.setAttribute(\"data-secret\",t)),e.contentWindow.postMessage({message:\"ready\",secret:t},\"*\")},!1)))}(window,document);\n\/\/# sourceURL=https:\/\/karatecanada.org\/wp-includes\/js\/wp-embed.min.js\n\/* ]]> *\/\n<\/script>\n","thumbnail_url":"https:\/\/karatecanada.org\/wp-content\/uploads\/2018\/07\/newsimage-208TO_Open_Poster-768pxW.jpg","thumbnail_width":768,"thumbnail_height":492,"description":"Tou(te)s athl\u00e8tes canadien(ne)s sont cordialement invit\u00e9(e)s par la F\u00e9d\u00e9ration de karat\u00e9 du Commonwealth et par Karate South Africa \u00e0 participer au Championnat de karat\u00e9 du Commonwealth 2018 qui se d\u00e9roulera \u00e0 Durban, en Afrique du Sud, du 29 novembre au 2 d\u00e9cembre 2018. Ce championnat international est accessible aux athl\u00e8tes (\u00e2g\u00e9s de 10 ans et [&hellip;]"}