{"id":14551,"date":"2024-06-14T15:21:27","date_gmt":"2024-06-14T19:21:27","guid":{"rendered":"https:\/\/karatecanada.org\/?post_type=athletes&#038;p=14551"},"modified":"2024-06-14T15:36:21","modified_gmt":"2024-06-14T19:36:21","slug":"hana-furumoto-deshaies-1","status":"publish","type":"athletes","link":"https:\/\/karatecanada.org\/fr\/hana-furumoto-deshaies-1\/","title":{"rendered":"Hana Furumoto-Deshaies"},"content":{"rendered":"<p><strong>Parcours dans le sport:<br \/>\n<\/strong>Hana Furumoto-Deshaies est l&rsquo;une des meilleures athl\u00e8tes de karat\u00e9 du Canada, originaire de Gatineau, au Qu\u00e9bec, qui fait partie de l&rsquo;\u00e9quipe nationale de karat\u00e9 depuis 2010. Elle a commenc\u00e9 \u00e0 pratiquer cet art martial \u00e0 l&rsquo;\u00e2ge de cinq ans pour apprendre l&rsquo;autod\u00e9fense et acqu\u00e9rir de l&rsquo;assurance apr\u00e8s avoir \u00e9t\u00e9 victime d&rsquo;intimidation lors de la f\u00eate d&rsquo;anniversaire d&rsquo;un ami. Elle n&rsquo;a pas toujours eu une passion pour ce sport, mais elle a pu la d\u00e9velopper au fil du temps gr\u00e2ce aux comp\u00e9titions et \u00e0 un entra\u00eenement r\u00e9gulier. En revanche, l&rsquo;\u00e9cole n&rsquo;\u00e9tait pas si simple. Elle a d\u00fb apprendre \u00e0 s&rsquo;organiser et \u00e0 pers\u00e9v\u00e9rer pour pouvoir concilier le sport et les \u00e9tudes.<\/p>\n<p>N\u00e9e d&rsquo;une m\u00e8re japonaise et d&rsquo;un p\u00e8re qu\u00e9b\u00e9cois, Hana a d\u00fb composer avec ses origines culturelles et son identit\u00e9. Lorsque le moment est venu de se qualifier pour les Jeux olympiques de Tokyo en 2020, elle ne s&rsquo;est pas sentie \u00e0 la hauteur du d\u00e9fi. En fait, elle a connu plusieurs revers, tant sur le plan mental que financier, se sentant \u00e9puis\u00e9e d&rsquo;\u00eatre une athl\u00e8te d&rsquo;\u00e9lite avec peu de ressources. C&rsquo;est pourquoi elle a choisi de vivre au Japon, compl\u00e8tement d\u00e9connect\u00e9e du sport, prenant une pause pour d\u00e9couvrir ses racines. Cette p\u00e9riode s&rsquo;est av\u00e9r\u00e9e extr\u00eamement b\u00e9n\u00e9fique pour elle et lui a permis de retourner au sport.<\/p>\n<p>Hana est revenue en force apr\u00e8s cette longue pause, se qualifiant pour les championnats du monde et les Jeux panam\u00e9ricains. Elle a d\u00e9cid\u00e9 de reprendre le sport pour s&rsquo;amuser et devenir une meilleure personne. Elle souhaite pouvoir transmettre \u00e0 la prochaine g\u00e9n\u00e9ration ce qu&rsquo;elle a appris au fil de son parcours, afin de favoriser la confiance en soi, la conciliation du sport et les \u00e9tudes en \u00e9tablissant des priorit\u00e9s et en fixant des objectifs, faisant preuve d&rsquo;introspection pour d\u00e9couvrir sa propre authenticit\u00e9. Hana est actuellement \u00e9tudiante \u00e0 la ma\u00eetrise en psychologie du sport \u00e0 l&rsquo;Universit\u00e9 d&rsquo;Ottawa dans le but de devenir consultante en performance mentale.<\/p>\n<p><strong>Saviez-vous que \u2026<\/strong> En avril 2023, Hana est devenue la deuxi\u00e8me Canadienne \u00e0 remporter une m\u00e9daille d&rsquo;or lors de la tourn\u00e9e de la S\u00e9rie A de Karate1 ; elle a remport\u00e9 le titre des -55 kg \u00e0 Richmond, en Colombie-Britannique, trois mois seulement apr\u00e8s son premier podium en carri\u00e8re en S\u00e9rie A, lorsqu&rsquo;elle a remport\u00e9 la m\u00e9daille de bronze \u00e0 Ath\u00e8nes, en Gr\u00e8ce&#8230; Hana aime danser, sourire, rire et s&rsquo;amuser. Le plaisir est contagieux pour elle&#8230; Le passe-temps d&rsquo;Hana est de danser la kizomba&#8230; elle a jou\u00e9 au soccer et fait du patinage artistique lorsqu&rsquo;elle \u00e9tait plus jeune.<strong>\u00a0<\/strong><\/p>\n<p><strong>Faits saillants en carri\u00e8re:<br \/>\n<\/strong>2024 Championnats panam\u00e9ricains PKF: or (-55kg)<br \/>\n2023 Nomm\u00e9e \u00e0 l\u2019\u00e9quipe des Championnats panam\u00e9ricains de 2023<br \/>\n2023 Tourn\u00e9e Karate1 S\u00e9rie A Richmond, C.-B.: or (-55kg)<br \/>\n2023 Tourn\u00e9e Karate1 S\u00e9rie A Ath\u00e8nes, Gr\u00e8ce: bronze<br \/>\n2023 Meilleur classement en carri\u00e8re\u00a0: 3e au classement mondial WKF des kumites -55kg<br \/>\n2023 Championnats panam\u00e9ricains PKF: argent (-55kg)<br \/>\n2022 Championnats panam\u00e9ricains PKF: bronze (-55kg)<br \/>\n2017 Championnats du monde juniors: 9 (U21 kata)<br \/>\n2013 Championnats du monde juniors: (participante -53kg)<br \/>\n2016 Championnats panam\u00e9ricains juniors PKF: bronze (U21 -61kg)<br \/>\n2013 Championnats panam\u00e9ricains juniors PKF: or (-53kg)<\/p>\n<p>&nbsp;<\/p>\n","protected":false},"excerpt":{"rendered":"<p>Parcours dans le sport: Hana Furumoto-Deshaies est l&rsquo;une des meilleures athl\u00e8tes de karat\u00e9 du Canada, originaire de Gatineau, au Qu\u00e9bec, qui fait partie de l&rsquo;\u00e9quipe nationale de karat\u00e9 depuis 2010. Elle a commenc\u00e9 \u00e0 pratiquer cet art martial \u00e0 l&rsquo;\u00e2ge de cinq ans pour apprendre l&rsquo;autod\u00e9fense et acqu\u00e9rir de l&rsquo;assurance apr\u00e8s avoir \u00e9t\u00e9 victime d&rsquo;intimidation [&hellip;]<\/p>\n","protected":false},"author":23,"featured_media":14177,"parent":0,"template":"","athletes-category":[206,166,209],"athletes-tags":[],"class_list":["post-14551","athletes","type-athletes","status-publish","has-post-thumbnail","hentry","athletes-category-equipe-championnat-panamericain-senior","athletes-category-equipe-senior","athletes-category-senior-pan-american-championship-team-fr"],"acf":[],"yoast_head":"<!-- This site is optimized with the Yoast SEO plugin v27.3 - https:\/\/yoast.com\/product\/yoast-seo-wordpress\/ -->\n<title>Hana Furumoto-Deshaies - Karate Canada<\/title>\n<meta name=\"robots\" content=\"index, follow, max-snippet:-1, max-image-preview:large, max-video-preview:-1\" \/>\n<link rel=\"canonical\" href=\"https:\/\/karatecanada.org\/fr\/hana-furumoto-deshaies-1\/\" \/>\n<meta property=\"og:locale\" content=\"fr_FR\" \/>\n<meta property=\"og:type\" content=\"article\" \/>\n<meta property=\"og:title\" content=\"Hana Furumoto-Deshaies - Karate Canada\" \/>\n<meta property=\"og:description\" content=\"Parcours dans le sport: Hana Furumoto-Deshaies est l&rsquo;une des meilleures athl\u00e8tes de karat\u00e9 du Canada, originaire de Gatineau, au Qu\u00e9bec, qui fait partie de l&rsquo;\u00e9quipe nationale de karat\u00e9 depuis 2010. Elle a commenc\u00e9 \u00e0 pratiquer cet art martial \u00e0 l&rsquo;\u00e2ge de cinq ans pour apprendre l&rsquo;autod\u00e9fense et acqu\u00e9rir de l&rsquo;assurance apr\u00e8s avoir \u00e9t\u00e9 victime d&rsquo;intimidation [&hellip;]\" \/>\n<meta property=\"og:url\" content=\"https:\/\/karatecanada.org\/fr\/hana-furumoto-deshaies-1\/\" \/>\n<meta property=\"og:site_name\" content=\"Karate Canada\" \/>\n<meta property=\"article:modified_time\" content=\"2024-06-14T19:36:21+00:00\" \/>\n<meta property=\"og:image\" content=\"https:\/\/karatecanada.org\/wp-content\/uploads\/2023\/08\/Furumoto-Deshaies_Hana-scaled.jpg\" \/>\n\t<meta property=\"og:image:width\" content=\"2560\" \/>\n\t<meta property=\"og:image:height\" content=\"1706\" \/>\n\t<meta property=\"og:image:type\" content=\"image\/jpeg\" \/>\n<meta name=\"twitter:card\" content=\"summary_large_image\" \/>\n<meta name=\"twitter:label1\" content=\"Dur\u00e9e de lecture estim\u00e9e\" \/>\n\t<meta name=\"twitter:data1\" content=\"3 minutes\" \/>\n<script type=\"application\/ld+json\" class=\"yoast-schema-graph\">{\"@context\":\"https:\\\/\\\/schema.org\",\"@graph\":[{\"@type\":\"WebPage\",\"@id\":\"https:\\\/\\\/karatecanada.org\\\/fr\\\/hana-furumoto-deshaies-1\\\/\",\"url\":\"https:\\\/\\\/karatecanada.org\\\/fr\\\/hana-furumoto-deshaies-1\\\/\",\"name\":\"Hana Furumoto-Deshaies - Karate Canada\",\"isPartOf\":{\"@id\":\"https:\\\/\\\/karatecanada.org\\\/fr\\\/#website\"},\"primaryImageOfPage\":{\"@id\":\"https:\\\/\\\/karatecanada.org\\\/fr\\\/hana-furumoto-deshaies-1\\\/#primaryimage\"},\"image\":{\"@id\":\"https:\\\/\\\/karatecanada.org\\\/fr\\\/hana-furumoto-deshaies-1\\\/#primaryimage\"},\"thumbnailUrl\":\"https:\\\/\\\/karatecanada.org\\\/wp-content\\\/uploads\\\/2023\\\/08\\\/Furumoto-Deshaies_Hana-scaled.jpg\",\"datePublished\":\"2024-06-14T19:21:27+00:00\",\"dateModified\":\"2024-06-14T19:36:21+00:00\",\"breadcrumb\":{\"@id\":\"https:\\\/\\\/karatecanada.org\\\/fr\\\/hana-furumoto-deshaies-1\\\/#breadcrumb\"},\"inLanguage\":\"fr-FR\",\"potentialAction\":[{\"@type\":\"ReadAction\",\"target\":[\"https:\\\/\\\/karatecanada.org\\\/fr\\\/hana-furumoto-deshaies-1\\\/\"]}]},{\"@type\":\"ImageObject\",\"inLanguage\":\"fr-FR\",\"@id\":\"https:\\\/\\\/karatecanada.org\\\/fr\\\/hana-furumoto-deshaies-1\\\/#primaryimage\",\"url\":\"https:\\\/\\\/karatecanada.org\\\/wp-content\\\/uploads\\\/2023\\\/08\\\/Furumoto-Deshaies_Hana-scaled.jpg\",\"contentUrl\":\"https:\\\/\\\/karatecanada.org\\\/wp-content\\\/uploads\\\/2023\\\/08\\\/Furumoto-Deshaies_Hana-scaled.jpg\",\"width\":2560,\"height\":1706,\"caption\":\"Karate Canada athlete Hana Furumoto-Deshaies poses for their official headshots on July 07, 2023. Photo by Bill Ng\\\/COC *MANDATORY CREDIT*\"},{\"@type\":\"BreadcrumbList\",\"@id\":\"https:\\\/\\\/karatecanada.org\\\/fr\\\/hana-furumoto-deshaies-1\\\/#breadcrumb\",\"itemListElement\":[{\"@type\":\"ListItem\",\"position\":1,\"name\":\"Home\",\"item\":\"https:\\\/\\\/karatecanada.org\\\/fr\\\/\"},{\"@type\":\"ListItem\",\"position\":2,\"name\":\"Hana Furumoto-Deshaies\"}]},{\"@type\":\"WebSite\",\"@id\":\"https:\\\/\\\/karatecanada.org\\\/fr\\\/#website\",\"url\":\"https:\\\/\\\/karatecanada.org\\\/fr\\\/\",\"name\":\"Karate Canada\",\"description\":\"Just another WordPress site\",\"potentialAction\":[{\"@type\":\"SearchAction\",\"target\":{\"@type\":\"EntryPoint\",\"urlTemplate\":\"https:\\\/\\\/karatecanada.org\\\/fr\\\/?s={search_term_string}\"},\"query-input\":{\"@type\":\"PropertyValueSpecification\",\"valueRequired\":true,\"valueName\":\"search_term_string\"}}],\"inLanguage\":\"fr-FR\"}]}<\/script>\n<!-- \/ Yoast SEO plugin. -->","yoast_head_json":{"title":"Hana Furumoto-Deshaies - Karate Canada","robots":{"index":"index","follow":"follow","max-snippet":"max-snippet:-1","max-image-preview":"max-image-preview:large","max-video-preview":"max-video-preview:-1"},"canonical":"https:\/\/karatecanada.org\/fr\/hana-furumoto-deshaies-1\/","og_locale":"fr_FR","og_type":"article","og_title":"Hana Furumoto-Deshaies - Karate Canada","og_description":"Parcours dans le sport: Hana Furumoto-Deshaies est l&rsquo;une des meilleures athl\u00e8tes de karat\u00e9 du Canada, originaire de Gatineau, au Qu\u00e9bec, qui fait partie de l&rsquo;\u00e9quipe nationale de karat\u00e9 depuis 2010. Elle a commenc\u00e9 \u00e0 pratiquer cet art martial \u00e0 l&rsquo;\u00e2ge de cinq ans pour apprendre l&rsquo;autod\u00e9fense et acqu\u00e9rir de l&rsquo;assurance apr\u00e8s avoir \u00e9t\u00e9 victime d&rsquo;intimidation [&hellip;]","og_url":"https:\/\/karatecanada.org\/fr\/hana-furumoto-deshaies-1\/","og_site_name":"Karate Canada","article_modified_time":"2024-06-14T19:36:21+00:00","og_image":[{"width":2560,"height":1706,"url":"https:\/\/karatecanada.org\/wp-content\/uploads\/2023\/08\/Furumoto-Deshaies_Hana-scaled.jpg","type":"image\/jpeg"}],"twitter_card":"summary_large_image","twitter_misc":{"Dur\u00e9e de lecture estim\u00e9e":"3 minutes"},"schema":{"@context":"https:\/\/schema.org","@graph":[{"@type":"WebPage","@id":"https:\/\/karatecanada.org\/fr\/hana-furumoto-deshaies-1\/","url":"https:\/\/karatecanada.org\/fr\/hana-furumoto-deshaies-1\/","name":"Hana Furumoto-Deshaies - Karate Canada","isPartOf":{"@id":"https:\/\/karatecanada.org\/fr\/#website"},"primaryImageOfPage":{"@id":"https:\/\/karatecanada.org\/fr\/hana-furumoto-deshaies-1\/#primaryimage"},"image":{"@id":"https:\/\/karatecanada.org\/fr\/hana-furumoto-deshaies-1\/#primaryimage"},"thumbnailUrl":"https:\/\/karatecanada.org\/wp-content\/uploads\/2023\/08\/Furumoto-Deshaies_Hana-scaled.jpg","datePublished":"2024-06-14T19:21:27+00:00","dateModified":"2024-06-14T19:36:21+00:00","breadcrumb":{"@id":"https:\/\/karatecanada.org\/fr\/hana-furumoto-deshaies-1\/#breadcrumb"},"inLanguage":"fr-FR","potentialAction":[{"@type":"ReadAction","target":["https:\/\/karatecanada.org\/fr\/hana-furumoto-deshaies-1\/"]}]},{"@type":"ImageObject","inLanguage":"fr-FR","@id":"https:\/\/karatecanada.org\/fr\/hana-furumoto-deshaies-1\/#primaryimage","url":"https:\/\/karatecanada.org\/wp-content\/uploads\/2023\/08\/Furumoto-Deshaies_Hana-scaled.jpg","contentUrl":"https:\/\/karatecanada.org\/wp-content\/uploads\/2023\/08\/Furumoto-Deshaies_Hana-scaled.jpg","width":2560,"height":1706,"caption":"Karate Canada athlete Hana Furumoto-Deshaies poses for their official headshots on July 07, 2023. Photo by Bill Ng\/COC *MANDATORY CREDIT*"},{"@type":"BreadcrumbList","@id":"https:\/\/karatecanada.org\/fr\/hana-furumoto-deshaies-1\/#breadcrumb","itemListElement":[{"@type":"ListItem","position":1,"name":"Home","item":"https:\/\/karatecanada.org\/fr\/"},{"@type":"ListItem","position":2,"name":"Hana Furumoto-Deshaies"}]},{"@type":"WebSite","@id":"https:\/\/karatecanada.org\/fr\/#website","url":"https:\/\/karatecanada.org\/fr\/","name":"Karate Canada","description":"Just another WordPress site","potentialAction":[{"@type":"SearchAction","target":{"@type":"EntryPoint","urlTemplate":"https:\/\/karatecanada.org\/fr\/?s={search_term_string}"},"query-input":{"@type":"PropertyValueSpecification","valueRequired":true,"valueName":"search_term_string"}}],"inLanguage":"fr-FR"}]}},"featured_image_src":"https:\/\/karatecanada.org\/wp-content\/uploads\/2023\/08\/Furumoto-Deshaies_Hana-768x512.jpg","category":"\u00c9quipe Championnat panam\u00e9ricain senior","non_clickable":false,"_links":{"self":[{"href":"https:\/\/karatecanada.org\/fr\/wp-json\/wp\/v2\/athletes\/14551","targetHints":{"allow":["GET"]}}],"collection":[{"href":"https:\/\/karatecanada.org\/fr\/wp-json\/wp\/v2\/athletes"}],"about":[{"href":"https:\/\/karatecanada.org\/fr\/wp-json\/wp\/v2\/types\/athletes"}],"author":[{"embeddable":true,"href":"https:\/\/karatecanada.org\/fr\/wp-json\/wp\/v2\/users\/23"}],"wp:featuredmedia":[{"embeddable":true,"href":"https:\/\/karatecanada.org\/fr\/wp-json\/wp\/v2\/media\/14177"}],"wp:attachment":[{"href":"https:\/\/karatecanada.org\/fr\/wp-json\/wp\/v2\/media?parent=14551"}],"wp:term":[{"taxonomy":"athletes-category","embeddable":true,"href":"https:\/\/karatecanada.org\/fr\/wp-json\/wp\/v2\/athletes-category?post=14551"},{"taxonomy":"athletes-tags","embeddable":true,"href":"https:\/\/karatecanada.org\/fr\/wp-json\/wp\/v2\/athletes-tags?post=14551"}],"curies":[{"name":"wp","href":"https:\/\/api.w.org\/{rel}","templated":true}]}}