{"id":14258,"date":"2023-10-12T18:57:25","date_gmt":"2023-10-12T22:57:25","guid":{"rendered":"https:\/\/karatecanada.org\/?page_id=14258"},"modified":"2023-10-13T15:21:44","modified_gmt":"2023-10-13T19:21:44","slug":"equipe-championnat-mondial-senior-2023","status":"publish","type":"page","link":"https:\/\/karatecanada.org\/fr\/equipe-championnat-mondial-senior-2023\/","title":{"rendered":"\u00c9quipe championnat mondial senior 2023"},"content":{"rendered":"<div class=\"latest-athletes\">\n    <div class=\"wrapper\">\n        <div class=\"container\">\n\n\t\t\t<div class=\"latest-athletes__top\">\n                <div class=\"latest-athletes__top-filter js-filter-athletes js-filter-cat\" data-filter-cat=\"all\" data-filter-ids=\"13067,7240,7265,11383,13111,13397,13395,11395,14259,14260,14261,14262,7312,7310\" data-state=\"0\">\n                    <a href=\"#\" class=\"latest-athletes__top-button js-filter-athletes-button\">TOUS LES MEMBRES DE L'\u00c9QUIPE<\/a>\n                    <ul class=\"latest-athletes__top-options js-filter-athletes-list\">\n                        <li data-filter-cat=\"all\" data-filter-ids=\"13067,7240,7265,11383,13111,13397,13395,11395,14259,14260,14261,14262,7312,7310\">TOUS LES MEMBRES DE L'\u00c9QUIPE<\/li>\n                                            <\/ul>\n                <\/div>\n            <\/div>\n\n\t\t\t<div class=\"latest-athletes__bottom js-latest-athletes-block js-filter-athletes-block\">\n                        \t<div class=\"latest-athletes__athlete\">\n\t\t\t\t\t<figure class=\"latest-athletes__athlete-image\" style=\"background-image: url('https:\/\/karatecanada.org\/wp-content\/uploads\/2022\/05\/Fernando-Aguilera.png');\">\n\t\t\t\t\t\t\t\t\t\t\t\t<a href=\"https:\/\/karatecanada.org\/fr\/fernando-aguilera\/\" class=\"latest-athletes__athlete-link\"><\/a>\n\t\t\t\t\t\t\t\t\t\t\t<\/figure>\n\t\t\t\t\t<div class=\"latest-athletes__athlete-info\">\n\t\t\t\t\t\t<div class=\"latest-athletes__athlete-category\">\u00e9quipe-senior<\/div>\n\t\t\t\t\t\t<h6 class=\"latest-athletes__athlete-title\">\n\t\t\t\t\t\t\t\t\t\t\t\t\t\t<a href=\"https:\/\/karatecanada.org\/fr\/fernando-aguilera\/\">\n\t\t\t\t\t\t\t\t\t\t\t\t\t\t\tFernando Aguilera\n\t\t\t\t\t\t\t\t\t\t\t\t\t\t<\/a>\n\t\t\t\t\t\t\t\t\t\t\t\t\t<\/h6>\n\t\t\t\t\t\t<a href=\"https:\/\/karatecanada.org\/fr\/fernando-aguilera\/\" class=\"latest-athletes__athlete-more\">VOIR LE PROFIL<span class=\"latest-athletes__athlete-more-arrow\"><\/span><\/a>\n\t\t\t\t\t<\/div>\n\t\t\t\t<\/div>\n                        \t<div class=\"latest-athletes__athlete\">\n\t\t\t\t\t<figure class=\"latest-athletes__athlete-image\" style=\"background-image: url('https:\/\/karatecanada.org\/wp-content\/uploads\/2019\/06\/Haya-Jumaa_webprofile.jpeg');\">\n\t\t\t\t\t\t\t\t\t\t\t\t<a href=\"https:\/\/karatecanada.org\/fr\/haya-jumaa\/\" class=\"latest-athletes__athlete-link\"><\/a>\n\t\t\t\t\t\t\t\t\t\t\t<\/figure>\n\t\t\t\t\t<div class=\"latest-athletes__athlete-info\">\n\t\t\t\t\t\t<div class=\"latest-athletes__athlete-category\">\u00e9quipe-senior<\/div>\n\t\t\t\t\t\t<h6 class=\"latest-athletes__athlete-title\">\n\t\t\t\t\t\t\t\t\t\t\t\t\t\t<a href=\"https:\/\/karatecanada.org\/fr\/haya-jumaa\/\">\n\t\t\t\t\t\t\t\t\t\t\t\t\t\t\tHaya Jumaa\n\t\t\t\t\t\t\t\t\t\t\t\t\t\t<\/a>\n\t\t\t\t\t\t\t\t\t\t\t\t\t<\/h6>\n\t\t\t\t\t\t<a href=\"https:\/\/karatecanada.org\/fr\/haya-jumaa\/\" class=\"latest-athletes__athlete-more\">VOIR LE PROFIL<span class=\"latest-athletes__athlete-more-arrow\"><\/span><\/a>\n\t\t\t\t\t<\/div>\n\t\t\t\t<\/div>\n                        \t<div class=\"latest-athletes__athlete\">\n\t\t\t\t\t<figure class=\"latest-athletes__athlete-image\" style=\"background-image: url('https:\/\/karatecanada.org\/wp-content\/uploads\/2018\/07\/Nicholas-Patrick-Rivest_webprofile.jpg');\">\n\t\t\t\t\t\t\t\t\t\t\t\t<a href=\"https:\/\/karatecanada.org\/fr\/nicholas-patrick-rivest\/\" class=\"latest-athletes__athlete-link\"><\/a>\n\t\t\t\t\t\t\t\t\t\t\t<\/figure>\n\t\t\t\t\t<div class=\"latest-athletes__athlete-info\">\n\t\t\t\t\t\t<div class=\"latest-athletes__athlete-category\">\u00e9quipe-senior<\/div>\n\t\t\t\t\t\t<h6 class=\"latest-athletes__athlete-title\">\n\t\t\t\t\t\t\t\t\t\t\t\t\t\t<a href=\"https:\/\/karatecanada.org\/fr\/nicholas-patrick-rivest\/\">\n\t\t\t\t\t\t\t\t\t\t\t\t\t\t\tNicholas Patrick Rivest\n\t\t\t\t\t\t\t\t\t\t\t\t\t\t<\/a>\n\t\t\t\t\t\t\t\t\t\t\t\t\t<\/h6>\n\t\t\t\t\t\t<a href=\"https:\/\/karatecanada.org\/fr\/nicholas-patrick-rivest\/\" class=\"latest-athletes__athlete-more\">VOIR LE PROFIL<span class=\"latest-athletes__athlete-more-arrow\"><\/span><\/a>\n\t\t\t\t\t<\/div>\n\t\t\t\t<\/div>\n                        \t<div class=\"latest-athletes__athlete\">\n\t\t\t\t\t<figure class=\"latest-athletes__athlete-image\" style=\"background-image: url('https:\/\/karatecanada.org\/wp-content\/uploads\/2023\/08\/Laos-Loo_Claudia-768x512.jpg');\">\n\t\t\t\t\t\t\t\t\t\t\t\t<a href=\"https:\/\/karatecanada.org\/fr\/claudia-laos-loo\/\" class=\"latest-athletes__athlete-link\"><\/a>\n\t\t\t\t\t\t\t\t\t\t\t<\/figure>\n\t\t\t\t\t<div class=\"latest-athletes__athlete-info\">\n\t\t\t\t\t\t<div class=\"latest-athletes__athlete-category\">\u00e9quipe-senior<\/div>\n\t\t\t\t\t\t<h6 class=\"latest-athletes__athlete-title\">\n\t\t\t\t\t\t\t\t\t\t\t\t\t\t<a href=\"https:\/\/karatecanada.org\/fr\/claudia-laos-loo\/\">\n\t\t\t\t\t\t\t\t\t\t\t\t\t\t\tClaudia Laos-Loo\n\t\t\t\t\t\t\t\t\t\t\t\t\t\t<\/a>\n\t\t\t\t\t\t\t\t\t\t\t\t\t<\/h6>\n\t\t\t\t\t\t<a href=\"https:\/\/karatecanada.org\/fr\/claudia-laos-loo\/\" class=\"latest-athletes__athlete-more\">VOIR LE PROFIL<span class=\"latest-athletes__athlete-more-arrow\"><\/span><\/a>\n\t\t\t\t\t<\/div>\n\t\t\t\t<\/div>\n                        \t<div class=\"latest-athletes__athlete\">\n\t\t\t\t\t<figure class=\"latest-athletes__athlete-image\" style=\"background-image: url('https:\/\/karatecanada.org\/wp-content\/uploads\/2023\/08\/Lahyanssa_Yamina-768x512.jpg');\">\n\t\t\t\t\t\t\t\t\t\t\t\t<a href=\"https:\/\/karatecanada.org\/fr\/yamina-lahyanssa\/\" class=\"latest-athletes__athlete-link\"><\/a>\n\t\t\t\t\t\t\t\t\t\t\t<\/figure>\n\t\t\t\t\t<div class=\"latest-athletes__athlete-info\">\n\t\t\t\t\t\t<div class=\"latest-athletes__athlete-category\">\u00c9quipe Jeux panam\u00e9ricains junior<\/div>\n\t\t\t\t\t\t<h6 class=\"latest-athletes__athlete-title\">\n\t\t\t\t\t\t\t\t\t\t\t\t\t\t<a href=\"https:\/\/karatecanada.org\/fr\/yamina-lahyanssa\/\">\n\t\t\t\t\t\t\t\t\t\t\t\t\t\t\tYamina Lahyanssa\n\t\t\t\t\t\t\t\t\t\t\t\t\t\t<\/a>\n\t\t\t\t\t\t\t\t\t\t\t\t\t<\/h6>\n\t\t\t\t\t\t<a href=\"https:\/\/karatecanada.org\/fr\/yamina-lahyanssa\/\" class=\"latest-athletes__athlete-more\">VOIR LE PROFIL<span class=\"latest-athletes__athlete-more-arrow\"><\/span><\/a>\n\t\t\t\t\t<\/div>\n\t\t\t\t<\/div>\n                        \t<div class=\"latest-athletes__athlete\">\n\t\t\t\t\t<figure class=\"latest-athletes__athlete-image\" style=\"background-image: url('https:\/\/karatecanada.org\/wp-content\/uploads\/2023\/08\/Furumoto-Deshaies_Hana-768x512.jpg');\">\n\t\t\t\t\t\t\t\t\t\t\t\t<a href=\"https:\/\/karatecanada.org\/fr\/hana-furumoto-deshaies\/\" class=\"latest-athletes__athlete-link\"><\/a>\n\t\t\t\t\t\t\t\t\t\t\t<\/figure>\n\t\t\t\t\t<div class=\"latest-athletes__athlete-info\">\n\t\t\t\t\t\t<div class=\"latest-athletes__athlete-category\">\u00c9quipe Championnat panam\u00e9ricain senior<\/div>\n\t\t\t\t\t\t<h6 class=\"latest-athletes__athlete-title\">\n\t\t\t\t\t\t\t\t\t\t\t\t\t\t<a href=\"https:\/\/karatecanada.org\/fr\/hana-furumoto-deshaies\/\">\n\t\t\t\t\t\t\t\t\t\t\t\t\t\t\tHana Furumoto-Deshaies\n\t\t\t\t\t\t\t\t\t\t\t\t\t\t<\/a>\n\t\t\t\t\t\t\t\t\t\t\t\t\t<\/h6>\n\t\t\t\t\t\t<a href=\"https:\/\/karatecanada.org\/fr\/hana-furumoto-deshaies\/\" class=\"latest-athletes__athlete-more\">VOIR LE PROFIL<span class=\"latest-athletes__athlete-more-arrow\"><\/span><\/a>\n\t\t\t\t\t<\/div>\n\t\t\t\t<\/div>\n                        \t<div class=\"latest-athletes__athlete\">\n\t\t\t\t\t<figure class=\"latest-athletes__athlete-image\" style=\"background-image: url('https:\/\/karatecanada.org\/wp-content\/uploads\/2023\/08\/Nolet_Lily-Rose-768x512.jpg');\">\n\t\t\t\t\t\t\t\t\t\t\t\t<a href=\"https:\/\/karatecanada.org\/fr\/lily-rose-nolet\/\" class=\"latest-athletes__athlete-link\"><\/a>\n\t\t\t\t\t\t\t\t\t\t\t<\/figure>\n\t\t\t\t\t<div class=\"latest-athletes__athlete-info\">\n\t\t\t\t\t\t<div class=\"latest-athletes__athlete-category\">\u00c9quipe Championnat panam\u00e9ricain senior<\/div>\n\t\t\t\t\t\t<h6 class=\"latest-athletes__athlete-title\">\n\t\t\t\t\t\t\t\t\t\t\t\t\t\t<a href=\"https:\/\/karatecanada.org\/fr\/lily-rose-nolet\/\">\n\t\t\t\t\t\t\t\t\t\t\t\t\t\t\tLily-Rose Nolet\n\t\t\t\t\t\t\t\t\t\t\t\t\t\t<\/a>\n\t\t\t\t\t\t\t\t\t\t\t\t\t<\/h6>\n\t\t\t\t\t\t<a href=\"https:\/\/karatecanada.org\/fr\/lily-rose-nolet\/\" class=\"latest-athletes__athlete-more\">VOIR LE PROFIL<span class=\"latest-athletes__athlete-more-arrow\"><\/span><\/a>\n\t\t\t\t\t<\/div>\n\t\t\t\t<\/div>\n                        \t<div class=\"latest-athletes__athlete\">\n\t\t\t\t\t<figure class=\"latest-athletes__athlete-image\" style=\"background-image: url('https:\/\/karatecanada.org\/wp-content\/uploads\/2018\/07\/Alexandre-St-Arneault_webprofile.jpeg');\">\n\t\t\t\t\t\t\t\t\t\t\t\t<a href=\"https:\/\/karatecanada.org\/fr\/alexandre-st-arneault\/\" class=\"latest-athletes__athlete-link\"><\/a>\n\t\t\t\t\t\t\t\t\t\t\t<\/figure>\n\t\t\t\t\t<div class=\"latest-athletes__athlete-info\">\n\t\t\t\t\t\t<div class=\"latest-athletes__athlete-category\">\u00e9quipe-senior<\/div>\n\t\t\t\t\t\t<h6 class=\"latest-athletes__athlete-title\">\n\t\t\t\t\t\t\t\t\t\t\t\t\t\t<a href=\"https:\/\/karatecanada.org\/fr\/alexandre-st-arneault\/\">\n\t\t\t\t\t\t\t\t\t\t\t\t\t\t\tAlexandre St-Arneault\n\t\t\t\t\t\t\t\t\t\t\t\t\t\t<\/a>\n\t\t\t\t\t\t\t\t\t\t\t\t\t<\/h6>\n\t\t\t\t\t\t<a href=\"https:\/\/karatecanada.org\/fr\/alexandre-st-arneault\/\" class=\"latest-athletes__athlete-more\">VOIR LE PROFIL<span class=\"latest-athletes__athlete-more-arrow\"><\/span><\/a>\n\t\t\t\t\t<\/div>\n\t\t\t\t<\/div>\n                        \t<div class=\"latest-athletes__athlete\">\n\t\t\t\t\t<figure class=\"latest-athletes__athlete-image\" style=\"background-image: url('');\">\n\t\t\t\t\t\t\t\t\t\t\t\t<a href=\"https:\/\/karatecanada.org\/fr\/yuki-mcneil\/\" class=\"latest-athletes__athlete-link\"><\/a>\n\t\t\t\t\t\t\t\t\t\t\t<\/figure>\n\t\t\t\t\t<div class=\"latest-athletes__athlete-info\">\n\t\t\t\t\t\t<div class=\"latest-athletes__athlete-category\">\u00c9quipe Championnat mondial senior<\/div>\n\t\t\t\t\t\t<h6 class=\"latest-athletes__athlete-title\">\n\t\t\t\t\t\t\t\t\t\t\t\t\t\t<a href=\"https:\/\/karatecanada.org\/fr\/yuki-mcneil\/\">\n\t\t\t\t\t\t\t\t\t\t\t\t\t\t\tYuki McNeil\n\t\t\t\t\t\t\t\t\t\t\t\t\t\t<\/a>\n\t\t\t\t\t\t\t\t\t\t\t\t\t<\/h6>\n\t\t\t\t\t\t<a href=\"https:\/\/karatecanada.org\/fr\/yuki-mcneil\/\" class=\"latest-athletes__athlete-more\">VOIR LE PROFIL<span class=\"latest-athletes__athlete-more-arrow\"><\/span><\/a>\n\t\t\t\t\t<\/div>\n\t\t\t\t<\/div>\n                        \t<div class=\"latest-athletes__athlete\">\n\t\t\t\t\t<figure class=\"latest-athletes__athlete-image\" style=\"background-image: url('');\">\n\t\t\t\t\t\t\t\t\t\t\t\t<a href=\"https:\/\/karatecanada.org\/fr\/yassin-miri\/\" class=\"latest-athletes__athlete-link\"><\/a>\n\t\t\t\t\t\t\t\t\t\t\t<\/figure>\n\t\t\t\t\t<div class=\"latest-athletes__athlete-info\">\n\t\t\t\t\t\t<div class=\"latest-athletes__athlete-category\">\u00c9quipe Championnat mondial senior<\/div>\n\t\t\t\t\t\t<h6 class=\"latest-athletes__athlete-title\">\n\t\t\t\t\t\t\t\t\t\t\t\t\t\t<a href=\"https:\/\/karatecanada.org\/fr\/yassin-miri\/\">\n\t\t\t\t\t\t\t\t\t\t\t\t\t\t\tYassin Miri\n\t\t\t\t\t\t\t\t\t\t\t\t\t\t<\/a>\n\t\t\t\t\t\t\t\t\t\t\t\t\t<\/h6>\n\t\t\t\t\t\t<a href=\"https:\/\/karatecanada.org\/fr\/yassin-miri\/\" class=\"latest-athletes__athlete-more\">VOIR LE PROFIL<span class=\"latest-athletes__athlete-more-arrow\"><\/span><\/a>\n\t\t\t\t\t<\/div>\n\t\t\t\t<\/div>\n                        \t<div class=\"latest-athletes__athlete\">\n\t\t\t\t\t<figure class=\"latest-athletes__athlete-image\" style=\"background-image: url('');\">\n\t\t\t\t\t\t\t\t\t\t\t\t<a href=\"https:\/\/karatecanada.org\/fr\/daniel-sanchez\/\" class=\"latest-athletes__athlete-link\"><\/a>\n\t\t\t\t\t\t\t\t\t\t\t<\/figure>\n\t\t\t\t\t<div class=\"latest-athletes__athlete-info\">\n\t\t\t\t\t\t<div class=\"latest-athletes__athlete-category\">\u00c9quipe Championnat mondial senior<\/div>\n\t\t\t\t\t\t<h6 class=\"latest-athletes__athlete-title\">\n\t\t\t\t\t\t\t\t\t\t\t\t\t\t<a href=\"https:\/\/karatecanada.org\/fr\/daniel-sanchez\/\">\n\t\t\t\t\t\t\t\t\t\t\t\t\t\t\tDaniel Sanchez\n\t\t\t\t\t\t\t\t\t\t\t\t\t\t<\/a>\n\t\t\t\t\t\t\t\t\t\t\t\t\t<\/h6>\n\t\t\t\t\t\t<a href=\"https:\/\/karatecanada.org\/fr\/daniel-sanchez\/\" class=\"latest-athletes__athlete-more\">VOIR LE PROFIL<span class=\"latest-athletes__athlete-more-arrow\"><\/span><\/a>\n\t\t\t\t\t<\/div>\n\t\t\t\t<\/div>\n                        \t<div class=\"latest-athletes__athlete\">\n\t\t\t\t\t<figure class=\"latest-athletes__athlete-image\" style=\"background-image: url('');\">\n\t\t\t\t\t\t\t\t\t\t\t\t<a href=\"https:\/\/karatecanada.org\/fr\/noel-ngandui\/\" class=\"latest-athletes__athlete-link\"><\/a>\n\t\t\t\t\t\t\t\t\t\t\t<\/figure>\n\t\t\t\t\t<div class=\"latest-athletes__athlete-info\">\n\t\t\t\t\t\t<div class=\"latest-athletes__athlete-category\">\u00c9quipe Championnat mondial senior<\/div>\n\t\t\t\t\t\t<h6 class=\"latest-athletes__athlete-title\">\n\t\t\t\t\t\t\t\t\t\t\t\t\t\t<a href=\"https:\/\/karatecanada.org\/fr\/noel-ngandui\/\">\n\t\t\t\t\t\t\t\t\t\t\t\t\t\t\tNoel Ngandui\n\t\t\t\t\t\t\t\t\t\t\t\t\t\t<\/a>\n\t\t\t\t\t\t\t\t\t\t\t\t\t<\/h6>\n\t\t\t\t\t\t<a href=\"https:\/\/karatecanada.org\/fr\/noel-ngandui\/\" class=\"latest-athletes__athlete-more\">VOIR LE PROFIL<span class=\"latest-athletes__athlete-more-arrow\"><\/span><\/a>\n\t\t\t\t\t<\/div>\n\t\t\t\t<\/div>\n            \n            \t<div id=\"spinner-button\" class=\"spinner spinner--latest-athletes\">\n                    <div class=\"bounce1\"><\/div>\n                    <div class=\"bounce2\"><\/div>\n                    <div class=\"bounce3\"><\/div>\n                <\/div>\n\n\t\t\t<\/div>\n\n\t\t\t<div class=\"latest-athletes__load-more\">\n\t\t\t\t<button class=\"button button--spinner button--light button--position-aware js-latest-athletes-block-more\">\n\t\t\t\t\t<span>CHARGER PLUS<\/span><span><\/span>\n\t\t\t\t\t<div id=\"spinner-button\" class=\"spinner spinner--white\">\n\t\t\t\t\t\t<div class=\"bounce1\"><\/div>\n\t\t\t\t\t\t<div class=\"bounce2\"><\/div>\n\t\t\t\t\t\t<div class=\"bounce3\"><\/div>\n\t\t\t\t\t<\/div>\n\t\t\t\t<\/button>\n\t\t\t<\/div>\n\n        <\/div>\n    <\/div>\n<\/div>\n","protected":false},"excerpt":{"rendered":"<p>TOUS LES MEMBRES DE L&rsquo;\u00c9QUIPE TOUS LES MEMBRES DE L&rsquo;\u00c9QUIPE \u00e9quipe-senior Fernando Aguilera VOIR LE PROFIL \u00e9quipe-senior Haya Jumaa VOIR LE PROFIL \u00e9quipe-senior Nicholas Patrick Rivest VOIR LE PROFIL \u00e9quipe-senior Claudia Laos-Loo VOIR LE PROFIL \u00c9quipe Jeux panam\u00e9ricains junior Yamina Lahyanssa VOIR LE PROFIL \u00c9quipe Championnat panam\u00e9ricain senior Hana Furumoto-Deshaies VOIR LE PROFIL \u00c9quipe Championnat [&hellip;]<\/p>\n","protected":false},"author":23,"featured_media":0,"parent":0,"menu_order":0,"comment_status":"closed","ping_status":"closed","template":"","meta":{"_acf_changed":false,"footnotes":""},"class_list":["post-14258","page","type-page","status-publish","hentry"],"acf":[],"yoast_head":"<!-- This site is optimized with the Yoast SEO plugin v27.3 - https:\/\/yoast.com\/product\/yoast-seo-wordpress\/ -->\n<title>\u00c9quipe championnat mondial senior 2023 - Karate Canada<\/title>\n<meta name=\"robots\" content=\"index, follow, max-snippet:-1, max-image-preview:large, max-video-preview:-1\" \/>\n<link rel=\"canonical\" href=\"https:\/\/karatecanada.org\/fr\/equipe-championnat-mondial-senior-2023\/\" \/>\n<meta property=\"og:locale\" content=\"fr_FR\" \/>\n<meta property=\"og:type\" content=\"article\" \/>\n<meta property=\"og:title\" content=\"\u00c9quipe championnat mondial senior 2023 - Karate Canada\" \/>\n<meta property=\"og:description\" content=\"TOUS LES MEMBRES DE L&#039;\u00c9QUIPE TOUS LES MEMBRES DE L&#039;\u00c9QUIPE \u00e9quipe-senior Fernando Aguilera VOIR LE PROFIL \u00e9quipe-senior Haya Jumaa VOIR LE PROFIL \u00e9quipe-senior Nicholas Patrick Rivest VOIR LE PROFIL \u00e9quipe-senior Claudia Laos-Loo VOIR LE PROFIL \u00c9quipe Jeux panam\u00e9ricains junior Yamina Lahyanssa VOIR LE PROFIL \u00c9quipe Championnat panam\u00e9ricain senior Hana Furumoto-Deshaies VOIR LE PROFIL \u00c9quipe Championnat [&hellip;]\" \/>\n<meta property=\"og:url\" content=\"https:\/\/karatecanada.org\/fr\/equipe-championnat-mondial-senior-2023\/\" \/>\n<meta property=\"og:site_name\" content=\"Karate Canada\" \/>\n<meta property=\"article:modified_time\" content=\"2023-10-13T19:21:44+00:00\" \/>\n<meta name=\"twitter:card\" content=\"summary_large_image\" \/>\n<script type=\"application\/ld+json\" class=\"yoast-schema-graph\">{\"@context\":\"https:\\\/\\\/schema.org\",\"@graph\":[{\"@type\":\"WebPage\",\"@id\":\"https:\\\/\\\/karatecanada.org\\\/fr\\\/equipe-championnat-mondial-senior-2023\\\/\",\"url\":\"https:\\\/\\\/karatecanada.org\\\/fr\\\/equipe-championnat-mondial-senior-2023\\\/\",\"name\":\"\u00c9quipe championnat mondial senior 2023 - Karate Canada\",\"isPartOf\":{\"@id\":\"https:\\\/\\\/karatecanada.org\\\/fr\\\/#website\"},\"datePublished\":\"2023-10-12T22:57:25+00:00\",\"dateModified\":\"2023-10-13T19:21:44+00:00\",\"breadcrumb\":{\"@id\":\"https:\\\/\\\/karatecanada.org\\\/fr\\\/equipe-championnat-mondial-senior-2023\\\/#breadcrumb\"},\"inLanguage\":\"fr-FR\",\"potentialAction\":[{\"@type\":\"ReadAction\",\"target\":[\"https:\\\/\\\/karatecanada.org\\\/fr\\\/equipe-championnat-mondial-senior-2023\\\/\"]}]},{\"@type\":\"BreadcrumbList\",\"@id\":\"https:\\\/\\\/karatecanada.org\\\/fr\\\/equipe-championnat-mondial-senior-2023\\\/#breadcrumb\",\"itemListElement\":[{\"@type\":\"ListItem\",\"position\":1,\"name\":\"Home\",\"item\":\"https:\\\/\\\/karatecanada.org\\\/fr\\\/\"},{\"@type\":\"ListItem\",\"position\":2,\"name\":\"\u00c9quipe championnat mondial senior 2023\"}]},{\"@type\":\"WebSite\",\"@id\":\"https:\\\/\\\/karatecanada.org\\\/fr\\\/#website\",\"url\":\"https:\\\/\\\/karatecanada.org\\\/fr\\\/\",\"name\":\"Karate Canada\",\"description\":\"Just another WordPress site\",\"potentialAction\":[{\"@type\":\"SearchAction\",\"target\":{\"@type\":\"EntryPoint\",\"urlTemplate\":\"https:\\\/\\\/karatecanada.org\\\/fr\\\/?s={search_term_string}\"},\"query-input\":{\"@type\":\"PropertyValueSpecification\",\"valueRequired\":true,\"valueName\":\"search_term_string\"}}],\"inLanguage\":\"fr-FR\"}]}<\/script>\n<!-- \/ Yoast SEO plugin. -->","yoast_head_json":{"title":"\u00c9quipe championnat mondial senior 2023 - Karate Canada","robots":{"index":"index","follow":"follow","max-snippet":"max-snippet:-1","max-image-preview":"max-image-preview:large","max-video-preview":"max-video-preview:-1"},"canonical":"https:\/\/karatecanada.org\/fr\/equipe-championnat-mondial-senior-2023\/","og_locale":"fr_FR","og_type":"article","og_title":"\u00c9quipe championnat mondial senior 2023 - Karate Canada","og_description":"TOUS LES MEMBRES DE L'\u00c9QUIPE TOUS LES MEMBRES DE L'\u00c9QUIPE \u00e9quipe-senior Fernando Aguilera VOIR LE PROFIL \u00e9quipe-senior Haya Jumaa VOIR LE PROFIL \u00e9quipe-senior Nicholas Patrick Rivest VOIR LE PROFIL \u00e9quipe-senior Claudia Laos-Loo VOIR LE PROFIL \u00c9quipe Jeux panam\u00e9ricains junior Yamina Lahyanssa VOIR LE PROFIL \u00c9quipe Championnat panam\u00e9ricain senior Hana Furumoto-Deshaies VOIR LE PROFIL \u00c9quipe Championnat [&hellip;]","og_url":"https:\/\/karatecanada.org\/fr\/equipe-championnat-mondial-senior-2023\/","og_site_name":"Karate Canada","article_modified_time":"2023-10-13T19:21:44+00:00","twitter_card":"summary_large_image","schema":{"@context":"https:\/\/schema.org","@graph":[{"@type":"WebPage","@id":"https:\/\/karatecanada.org\/fr\/equipe-championnat-mondial-senior-2023\/","url":"https:\/\/karatecanada.org\/fr\/equipe-championnat-mondial-senior-2023\/","name":"\u00c9quipe championnat mondial senior 2023 - Karate Canada","isPartOf":{"@id":"https:\/\/karatecanada.org\/fr\/#website"},"datePublished":"2023-10-12T22:57:25+00:00","dateModified":"2023-10-13T19:21:44+00:00","breadcrumb":{"@id":"https:\/\/karatecanada.org\/fr\/equipe-championnat-mondial-senior-2023\/#breadcrumb"},"inLanguage":"fr-FR","potentialAction":[{"@type":"ReadAction","target":["https:\/\/karatecanada.org\/fr\/equipe-championnat-mondial-senior-2023\/"]}]},{"@type":"BreadcrumbList","@id":"https:\/\/karatecanada.org\/fr\/equipe-championnat-mondial-senior-2023\/#breadcrumb","itemListElement":[{"@type":"ListItem","position":1,"name":"Home","item":"https:\/\/karatecanada.org\/fr\/"},{"@type":"ListItem","position":2,"name":"\u00c9quipe championnat mondial senior 2023"}]},{"@type":"WebSite","@id":"https:\/\/karatecanada.org\/fr\/#website","url":"https:\/\/karatecanada.org\/fr\/","name":"Karate Canada","description":"Just another WordPress site","potentialAction":[{"@type":"SearchAction","target":{"@type":"EntryPoint","urlTemplate":"https:\/\/karatecanada.org\/fr\/?s={search_term_string}"},"query-input":{"@type":"PropertyValueSpecification","valueRequired":true,"valueName":"search_term_string"}}],"inLanguage":"fr-FR"}]}},"_links":{"self":[{"href":"https:\/\/karatecanada.org\/fr\/wp-json\/wp\/v2\/pages\/14258","targetHints":{"allow":["GET"]}}],"collection":[{"href":"https:\/\/karatecanada.org\/fr\/wp-json\/wp\/v2\/pages"}],"about":[{"href":"https:\/\/karatecanada.org\/fr\/wp-json\/wp\/v2\/types\/page"}],"author":[{"embeddable":true,"href":"https:\/\/karatecanada.org\/fr\/wp-json\/wp\/v2\/users\/23"}],"replies":[{"embeddable":true,"href":"https:\/\/karatecanada.org\/fr\/wp-json\/wp\/v2\/comments?post=14258"}],"version-history":[{"count":0,"href":"https:\/\/karatecanada.org\/fr\/wp-json\/wp\/v2\/pages\/14258\/revisions"}],"wp:attachment":[{"href":"https:\/\/karatecanada.org\/fr\/wp-json\/wp\/v2\/media?parent=14258"}],"curies":[{"name":"wp","href":"https:\/\/api.w.org\/{rel}","templated":true}]}}