{"id":7399,"date":"2018-07-20T13:58:34","date_gmt":"2018-07-20T13:58:34","guid":{"rendered":"http:\/\/karatecanada.org\/?post_type=resources&#038;p=7399"},"modified":"2026-03-03T10:48:06","modified_gmt":"2026-03-03T15:48:06","slug":"national-team","status":"publish","type":"resources","link":"https:\/\/karatecanada.org\/fr\/resources\/national-team\/","title":{"rendered":"\u00c9quipe nationale"},"content":{"rendered":"<div class=\"am2-content\" style=\"\">\n\n\t    <div class=\"wrapper\">\n        <div class=\"container\">\n    \n    \t\t<h4>L&rsquo;\u00c9quipe Canadienne<\/h4>\n<p><strong>Exigences pour l&rsquo;\u00e9quipe nationale<\/strong><\/p>\n<ul>\n<li><a href=\"https:\/\/secure.karatecanada.org\/club\/karate-canada-18-national-team-athlete-agreement\/1006483\/\">Accord de l&rsquo;athl\u00e8te 2024 18+<\/a><\/li>\n<li><a href=\"https:\/\/secure.karatecanada.org\/club\/karate-canada-18-national-team-athlete-agreement\/1009743\/\">Accord de l&rsquo;athl\u00e8te 2024 -18<\/a><\/li>\n<\/ul>\n<p>Crit\u00e8res d&rsquo;\u00e9quipe nationale<\/p>\n<ul>\n<li>Crit\u00e8res d\u2019\u00e9quipe nationale Senior pour athl\u00e8tes de kata et kumit\u00e9, saison 2026-2027 (<a href=\"https:\/\/karatecanada.org\/wp-content\/uploads\/2026\/02\/KC_Senior-NT-Criteria_26_27_FRC.pdf\">PDF<\/a>) \/ 5 fevrier 2026<\/li>\n<li>Crit\u00e8res d\u2019\u00e9quipe nationale Junior (kata et kumit\u00e9), saison 2026-2027 (<a href=\"https:\/\/karatecanada.org\/wp-content\/uploads\/2026\/02\/KC_Junior-NT-Criteria-26_27_FRC.pdf\">PDF<\/a>) \/ 5 fevrier 2026<\/li>\n<li>Crit\u00e8res pour l&rsquo;\u00e9quipe nationale de para-karat\u00e9 2026-27 (<a href=\"https:\/\/karatecanada.org\/wp-content\/uploads\/2026\/02\/KC_Para-NT-Criteria-26_27_FRC.pdf\">PDF<\/a>) \/ 5 fevrier 2026<\/li>\n<\/ul>\n<p>Programmes<\/p>\n<ul>\n<li>Subvention \u00e0 la performance: <a href=\"https:\/\/drive.google.com\/file\/d\/19xbTk3okOqQgIVNAM1XBZ6PZAcafokE4\/view\">Information :\u00a0<\/a> <a href=\"https:\/\/secure.karatecanada.org\/event\/kc-national-team-performance-subsidy-2025\/1009869\/?admin=1\">Lien de soumission :<\/a><\/li>\n<li>Crit\u00e8res d&rsquo;octroi des brevets sportifs du Programme d&rsquo;aide aux athl\u00e8tes (PAA) 2026-2027 &#8211; (<a href=\"https:\/\/karatecanada.org\/wp-content\/uploads\/2026\/01\/KC_2026-27_AAP_Carding-Criteria_Final_FRC.pdf\">PDF<\/a>) <span class=\"indicator\">\/ 16 janvier 2026<\/span><\/li>\n<li>Projet pilote pour les entra\u00eeneurs personnels de haute performance (EPHP) (<a href=\"https:\/\/karatecanada.org\/wp-content\/uploads\/2022\/03\/KC_High-Performance-Personal-Coach-Pilot-Project-v2_FRC.pdf\">PDF<\/a>)<\/li>\n<\/ul>\n<p>Ressources<\/p>\n<ul>\n<li>Ligne d&rsquo;assistance du sport canadien (<a href=\"http:\/\/sport-sans-abus.ca\/fr\/\" target=\"_blank\" rel=\"noopener\">lien<\/a>)<\/li>\n<\/ul>\n<p>Classements<\/p>\n<ul>\n<li>Classement d&rsquo;\u00e9quipe nationale Senior &#8211; Kata et kumit\u00e9 (fevri\u00e9r 2026)- (<a href=\"https:\/\/karatecanada.org\/wp-content\/uploads\/2026\/03\/Sr_Ranking_Feb2026.xlsx\">Excel<\/a>)<\/li>\n<li>Classement d\u2019\u00e9quipe nationale Senior Para (f\u00e9vrier 2026) &#8211; (<a href=\"https:\/\/karatecanada.org\/wp-content\/uploads\/2026\/03\/Para_Ranking_Feb2026.xlsx\">Excel<\/a>)<\/li>\n<li>Classement d&rsquo;\u00e9quipe nationale Junior &#8211; Kata (juin 2025) &#8211; (<a href=\"https:\/\/karatecanada.org\/wp-content\/uploads\/2025\/07\/Jr_Kata_Ranking_June2025.xlsx\">Excel<\/a>)<\/li>\n<li>Classement d&rsquo;\u00e9quipe nationale Junior &#8211; Kumit\u00e9 (juin 2025) &#8211; (<a href=\"https:\/\/karatecanada.org\/wp-content\/uploads\/2025\/07\/Jr_Kumite_Ranking_June2025.xlsx\">Excel<\/a>)<\/li>\n<\/ul>\n<p>Archive<\/p>\n<ul>\n<li>Classement d&rsquo;\u00e9quipe nationale Senior &#8211; Kata et kumit\u00e9 (juin 2025)- (<a href=\"https:\/\/karatecanada.org\/wp-content\/uploads\/2025\/07\/Sr_Ranking_June2025.xlsx\">Excel<\/a>)<\/li>\n<li>Classement d\u2019\u00e9quipe nationale Senior Para (juin 2025) &#8211; (<a href=\"https:\/\/karatecanada.org\/wp-content\/uploads\/2025\/07\/Para_Ranking_June2025.xlsx\">Excel<\/a>)<\/li>\n<li>Crit\u00e8res d\u2019\u00e9quipe nationale Senior pour athl\u00e8tes de kata et kumit\u00e9, saison 2025-2026 (<a href=\"https:\/\/karatecanada.org\/wp-content\/uploads\/2018\/07\/KC_Senior-NT-Criteria_25_26_FRC-1.pdf\" target=\"_blank\" rel=\"noopener\">PDF<\/a>) \/ 26 fevrier 2025<\/li>\n<li>Crit\u00e8res d\u2019\u00e9quipe nationale Junior (kata et kumit\u00e9), saison 2025-2026 (<a href=\"https:\/\/karatecanada.org\/wp-content\/uploads\/2018\/07\/KC_Junior-NT-Criteria-25_26_FRC.pdf\" target=\"_blank\" rel=\"noopener\">PDF<\/a>) \/ 26 fevrier 2025<\/li>\n<li>Crit\u00e8res pour l&rsquo;\u00e9quipe nationale de para-karat\u00e9 2025-26 (<a href=\"https:\/\/karatecanada.org\/wp-content\/uploads\/2018\/07\/KC_Para-NT-Criteria-24_25_FRC.pdf\" target=\"_blank\" rel=\"noopener\">PDF<\/a>) \/ 26 fevrier 2025<\/li>\n<li>Jeux panam\u00e9ricains juniors &#8211; Asuncion 2025 Syst\u00e8me de qualification (<a href=\"https:\/\/karatecanada.org\/wp-content\/uploads\/2018\/07\/KTE_Qualif_25Sep24.pdf\">PDF<\/a>)<\/li>\n<li>Crit\u00e8res d&rsquo;octroi des brevets sportifs du Programme d&rsquo;aide aux athl\u00e8tes (PAA) 2025-2026 &#8211; (<a href=\"https:\/\/karatecanada.org\/wp-content\/uploads\/2018\/07\/KC_2025-26_AAP_Carding-Criteria_Final_FRC.pdf\">PDF<\/a>) <span class=\"indicator\">\/ 5 novembre 2024<\/span><\/li>\n<li>Classement d&rsquo;\u00e9quipe nationale Senior &#8211; Kata et kumit\u00e9 (avril 2025)- (<a href=\"https:\/\/karatecanada.org\/wp-content\/uploads\/2018\/07\/Copy-of-Karate-Sr_Ranking_April-2025.xlsx\">Excel<\/a>)<\/li>\n<li>Classement d\u2019\u00e9quipe nationale Senior Para (avril 2025) &#8211; (<a href=\"https:\/\/karatecanada.org\/wp-content\/uploads\/2018\/07\/Copy-of-Para_Ranking_Apr-2025.xlsx\">Excel<\/a>)<\/li>\n<li>Classement d&rsquo;\u00e9quipe nationale Junior &#8211; Kata (avril 2025) &#8211; (<a href=\"https:\/\/karatecanada.org\/wp-content\/uploads\/2018\/07\/Copy-of-Jr_Kata_Ranking_Apr-2025.xlsx\">Excel<\/a>)<\/li>\n<li>Classement d&rsquo;\u00e9quipe nationale Junior &#8211; Kumit\u00e9 (avril 2025) &#8211; (<a href=\"https:\/\/karatecanada.org\/wp-content\/uploads\/2018\/07\/Copy-of-Jr_Kumite_Ranking_April-2025.xlsx-\">Excel<\/a>)<\/li>\n<li>Classement d&rsquo;\u00e9quipe nationale Senior &#8211; Kata et kumit\u00e9 (juillet 2024)- (<a href=\"https:\/\/karatecanada.org\/wp-content\/uploads\/2018\/07\/Karate-Sr_Ranking_July2024.xlsx\">Excel<\/a>)<\/li>\n<li>Classement d\u2019\u00e9quipe nationale Senior Para (juillet 2024) &#8211; (<a href=\"https:\/\/karatecanada.org\/wp-content\/uploads\/2018\/07\/Copy-of-Para_Ranking_July2024.xlsx\">Excel<\/a>)<\/li>\n<li>Classement d&rsquo;\u00e9quipe nationale Junior &#8211; Kata (novembre 2024) &#8211; (<a href=\"https:\/\/karatecanada.org\/wp-content\/uploads\/2018\/07\/Copy-of-Jr_Kata_Ranking_Oct2024-1.xlsx\">Excel<\/a>)<\/li>\n<li>Classement d&rsquo;\u00e9quipe nationale Junior &#8211; Kumit\u00e9 (novembre 2024) &#8211; (<a href=\"https:\/\/karatecanada.org\/wp-content\/uploads\/2018\/07\/Jr_Kumite_Ranking_Oct2024.xlsx\">Excel<\/a>)<\/li>\n<li>Crit\u00e8res d\u2019\u00e9quipe nationale Senior pour athl\u00e8tes de kata et kumit\u00e9, saison 2024-2025 (<a href=\"https:\/\/karatecanada.org\/wp-content\/uploads\/2024\/06\/KC_Senior-NT-Criteria_24_25_FRC.pdf\">PDF<\/a>) \/ 18 juin 2024<\/li>\n<li>Classement d&rsquo;\u00e9quipe nationale Senior &#8211; Kata et kumit\u00e9 (juin 2024)- (<a href=\"https:\/\/karatecanada.org\/wp-content\/uploads\/2024\/06\/Karate-Sr_Ranking_June7.xlsx\">Excel<\/a>)<\/li>\n<li>Classement d\u2019\u00e9quipe nationale Senior Para (juin 2024) &#8211; (<a href=\"https:\/\/karatecanada.org\/wp-content\/uploads\/2024\/06\/Para_Ranking_June2024.xlsx\">Excel<\/a>)<\/li>\n<li>Crit\u00e8res d\u2019\u00e9quipe nationale Junior (kata et kumit\u00e9), saison 2024-2025 (<a href=\"https:\/\/karatecanada.org\/wp-content\/uploads\/2024\/06\/KC_Junior-NT-Criteria-24_25_FRC.pdf\">PDF<\/a>) \/ 18 juin 2024<\/li>\n<li>Classement d&rsquo;\u00e9quipe nationale Junior &#8211; Kata (juillet 2024) &#8211; (<a href=\"https:\/\/karatecanada.org\/wp-content\/uploads\/2018\/07\/Jr_Kata_Ranking_July2024.xlsx\">Excel<\/a>)<\/li>\n<li>Classement d&rsquo;\u00e9quipe nationale Junior &#8211; Kumit\u00e9 (juillet 2024) &#8211; (<a href=\"https:\/\/karatecanada.org\/wp-content\/uploads\/2018\/07\/Jr_Kumite_Ranking_July2024.xlsx\">Excel<\/a>)<\/li>\n<li>Classement d&rsquo;\u00e9quipe nationale Junior &#8211; Kata (septembre 2023) &#8211; (<a href=\"https:\/\/karatecanada.org\/wp-content\/uploads\/2024\/04\/Copy-of-Jr_Kata_Ranking_Sept2023.xlsx\">Excel<\/a>)<\/li>\n<li>Classement d&rsquo;\u00e9quipe nationale Junior &#8211; Kumit\u00e9 (septembre 2023) &#8211; (<a href=\"https:\/\/karatecanada.org\/wp-content\/uploads\/2024\/04\/Copy-of-Jr_Kumite_Ranking_Sept2023.xlsx\">Excel<\/a>)<\/li>\n<li>Crit\u00e8res d\u2019\u00e9quipe nationale Senior pour athl\u00e8tes de kata et kumit\u00e9, saison 2023-2024 (<a href=\"https:\/\/karatecanada.org\/wp-content\/uploads\/2024\/05\/KARATECAN_Senior_NatTeamCriteria_23_24_FRC.pdf\">PDF<\/a>) \/ 27 juin 2023<\/li>\n<li>Crit\u00e8res d\u2019\u00e9quipe nationale Junior (kata et kumit\u00e9), saison 2023-2024 (<a href=\"https:\/\/karatecanada.org\/wp-content\/uploads\/2023\/09\/KARATECAN_Jr_NatTeamCriteria_23_24_FRC.pdf\">PDF<\/a>) \/ 27 juin 2023<\/li>\n<li>Crit\u00e8res pour l&rsquo;\u00e9quipe nationale de para-karat\u00e9 2024-25 (<a href=\"https:\/\/karatecanada.org\/wp-content\/uploads\/2024\/06\/KC_Para-NT-Criteria-24_25_FRC.pdf\">PDF<\/a>)<\/li>\n<li>Crit\u00e8res pour l&rsquo;\u00e9quipe nationale de para-karat\u00e9 2023-24 (<a href=\"https:\/\/karatecanada.org\/wp-content\/uploads\/2023\/06\/FR-FINAL-Para-National-Team-Criteria-2023-2024-FR.pdf\">PDF<\/a>)<\/li>\n<li>Classement d&rsquo;\u00e9quipe nationale Senior &#8211; Kata et kumit\u00e9 (f\u00e9vrier 2024)- (<a href=\"https:\/\/karatecanada.org\/wp-content\/uploads\/2018\/07\/Copy-of-Karate-Sr_Ranking_Feb20242.xlsx\">Excel<\/a>)<\/li>\n<li>Classement d&rsquo;\u00e9quipe nationale Senior &#8211; Kata et kumit\u00e9 (novembre 2023)- (<a href=\"https:\/\/karatecanada.org\/wp-content\/uploads\/2023\/12\/Karate-Copy-of-Sr_Ranking_Nov2023.xlsx\">Excel<\/a>)<\/li>\n<li>Classement d&rsquo;\u00e9quipe nationale Senior &#8211; Kata et kumit\u00e9 (septembre 2023) (<a href=\"http:\/\/Senior National Team Rankings - Kata and Kumite (July 2023) (Excel)\">PDF<\/a>)<\/li>\n<li>Crit\u00e8res d&rsquo;octroi des brevets sportifs du Programme d&rsquo;aide aux athl\u00e8tes (PAA) 2023-2024 &#8211; (<a href=\"https:\/\/karatecanada.org\/wp-content\/uploads\/2022\/06\/KC_2023-24_AAP_Carding-Criteria_Final_FRC.pdf\">PDF<\/a>) <span class=\"indicator\">\/ 30 juin 2022<\/span><\/li>\n<li>Crit\u00e8res pour l&rsquo;\u00e9quipe nationale de para-karat\u00e9 2022-23 (<a href=\"https:\/\/karatecanada.org\/wp-content\/uploads\/2023\/05\/KC_ParakarateSelectionCriteria2022_23_FRC.pdf\">PDF<\/a>)<\/li>\n<li>Crit\u00e8res d\u2019\u00e9quipe nationale Senior pour athl\u00e8tes de kata et kumit\u00e9, saison 2022-2023 (<a href=\"https:\/\/karatecanada.org\/wp-content\/uploads\/2022\/06\/KC_Sr_NatTeamCriteria_2022-23_FRC.pdf\">PDF<\/a>) \/ 30 juin 2022<\/li>\n<li>Crit\u00e8res d&rsquo;\u00e9quipe nationale de parakarat\u00e9 Senior, saison 2022-2023 (<a href=\"https:\/\/karatecanada.org\/wp-content\/uploads\/2022\/08\/KC_ParakarateSelectionCriteria2022_23_FRC.pdf\" target=\"_blank\" rel=\"noopener\">PDF<\/a>) \/ 3 ao\u00fbt 2022<\/li>\n<li>Crit\u00e8res d\u2019\u00e9quipe nationale Junior (kata et kumit\u00e9), saison 2022-2023 (<a href=\"https:\/\/karatecanada.org\/wp-content\/uploads\/2022\/06\/KC_Jr_NatTeamCriteria_2022-2023-Sept-25-2021-draft_FRC.pdf\">PDF<\/a>) \/ 29 juin 2022<\/li>\n<li>Classement d&rsquo;\u00e9quipe nationale Senior &#8211; Kata et kumit\u00e9 (juillet 2023) (<a href=\"https:\/\/karatecanada.org\/wp-content\/uploads\/2023\/07\/Sr_Ranking_July2023.xlsx\">Excel<\/a>)<\/li>\n<li>Classement d&rsquo;\u00e9quipe nationale Senior &#8211; Kata et kumit\u00e9 (14 novembre 2022) (<a href=\"https:\/\/karatecanada.org\/wp-content\/uploads\/2022\/08\/Sr-Rankings-July-29-2022.xlsx\">Excel<\/a>)<\/li>\n<li>Classement d\u2019\u00e9quipe nationale Senior Para (16 ao\u00fbt 2022) &#8211; (<a href=\"https:\/\/karatecanada.org\/wp-content\/uploads\/2022\/08\/Para-Rankings-July-29-2022.xlsx\">Excel<\/a>)<\/li>\n<li>Classement d&rsquo;\u00e9quipe nationale Senior &#8211; Kata et kumit\u00e9 (29 juillet 2022) (<a href=\"https:\/\/karatecanada.org\/wp-content\/uploads\/2022\/08\/Sr-Rankings-July-29-2022.xlsx\">Excel<\/a>)<\/li>\n<li>Classement d&rsquo;\u00e9quipe nationale Junior &#8211; Kata (28 ao\u00fbt 2022) &#8211; (<a href=\"https:\/\/karatecanada.org\/wp-content\/uploads\/2022\/09\/Jr_Kata_Status_Points_Aug_28_2022.xlsx\" target=\"_blank\" rel=\"noopener\">Excel<\/a>)<\/li>\n<li>Classement d&rsquo;\u00e9quipe nationale Junior &#8211; Kumit\u00e9 (28 ao\u00fbt 2022) &#8211; (<a href=\"https:\/\/karatecanada.org\/wp-content\/uploads\/2022\/09\/Jr_Kumite_Rankings_Aug_28_2022.xlsx\" target=\"_blank\" rel=\"noopener\">Excel<\/a>)<\/li>\n<li>Classement d&rsquo;\u00e9quipe nationale Junior &#8211; Kata (29 juillet 2022) &#8211; (<a href=\"https:\/\/karatecanada.org\/wp-content\/uploads\/2022\/08\/Jr_Kata_Status_Points_July_26_2022.xlsx\" target=\"_blank\" rel=\"noopener\">Excel<\/a>)<\/li>\n<li>Classement d&rsquo;\u00e9quipe nationale Junior &#8211; Kumit\u00e9 (29 juillet 2022) &#8211; (<a href=\"https:\/\/karatecanada.org\/wp-content\/uploads\/2022\/08\/Jr_Kumite_Rankings_July_26_2022-1.xlsx\" target=\"_blank\" rel=\"noopener\">Excel<\/a>)<\/li>\n<li>Classement d\u2019\u00e9quipe nationale Senior Para (18 novembre 2019) &#8211; (<a href=\"https:\/\/karatecanada.org\/wp-content\/uploads\/2019\/11\/Para_Ranking_PTS_27Nov2019.xlsx\">Excel<\/a>)<\/li>\n<li>Classement d&rsquo;\u00e9quipe nationale Senior &#8211; Kata et kumit\u00e9 (22 novembre, 2021) (<a href=\"https:\/\/karatecanada.org\/wp-content\/uploads\/2021\/12\/Sr_Rankings_Nov22_2021.xlsx\">Excel<\/a>)<\/li>\n<li>Classement d&rsquo;\u00e9quipe nationale Junior &#8211; Kata (29 juillet 2021) &#8211; (<a href=\"https:\/\/karatecanada.org\/wp-content\/uploads\/2021\/07\/FR-Jr_Kata_Status_Points_July_29_2021.xlsx\" target=\"_blank\" rel=\"noopener\">Excel<\/a>)<\/li>\n<li>Classement d&rsquo;\u00e9quipe nationale Junior &#8211; Kumit\u00e9 (29 juillet 2021) &#8211; (<a href=\"https:\/\/karatecanada.org\/wp-content\/uploads\/2021\/07\/FR-Jr_Kumite_Rankings_July_29_2021.xlsx\" target=\"_blank\" rel=\"noopener\">Excel<\/a>)<\/li>\n<li>Athl\u00e8tes brevet\u00e9s par le PAA du 1er d\u00e9cembre 2021 au 30 avril 2022 (<a href=\"https:\/\/karatecanada.org\/fr\/six-athletes-nommes-en-vue-de-lobtention-de-brevets-sportifs-2021-2022\/\">Article<\/a>)<\/li>\n<li>Crit\u00e8res d&rsquo;\u00e9quipe nationale de parakarat\u00e9 Senior, saison 2021-2022 (<a href=\"https:\/\/karatecanada.org\/wp-content\/uploads\/2021\/08\/Para-National-Team-Criteria-2021-2022_FR_Final_Approved22Aug2021.pdf\" target=\"_blank\" rel=\"noopener\">PDF<\/a>) \/ 22 ao\u00fbt 2021<\/li>\n<li>Crit\u00e8res d&rsquo;octroi des brevets sportifs 2021-2022 &#8211; NOUVEAU (<a href=\"https:\/\/karatecanada.org\/wp-content\/uploads\/2018\/07\/KC_2021-22_AAP_Carding-Criteria_Final_28Mar2021_FR.pdf\" target=\"_blank\" rel=\"noopener\">PDF<\/a>) <span class=\"indicator\">v1\/ 28 mars 2021<\/span><\/li>\n<li>Crit\u00e8res d&rsquo;octroi des brevets sportifs 2020-2021 (<a href=\"https:\/\/karatecanada.org\/wp-content\/uploads\/2018\/07\/KC_2020-21_AAP_Carding-Criteria_Final_27Jan2020_FR.pdf\" target=\"_blank\" rel=\"noopener\">PDF<\/a>) <span class=\"indicator\">v1\/ 27 janvier 2020<\/span><\/li>\n<li>Crit\u00e8res d\u2019\u00e9quipe nationale Senior pour athl\u00e8tes de kata et kumit\u00e9, saison 2021-2022 (<a href=\"https:\/\/karatecanada.org\/wp-content\/uploads\/2018\/07\/KC_Sr_NatTeamCriteria_2021-2022_Final_BOD_21July-2021_FR.pdf\" target=\"_blank\" rel=\"noopener\">PDF<\/a>) \/ 21 juillet 2021<\/li>\n<li>Crit\u00e8res d\u2019\u00e9quipe nationale Junior (kata et kumit\u00e9), saison 2019-2020 (<a href=\"https:\/\/karatecanada.org\/wp-content\/uploads\/2020\/02\/KC_Jr_NatTeamCriteria_2019-20_V1.1_BOD_29Jan2020_FR-1.pdf\" target=\"_blank\" rel=\"noopener\">PDF<\/a>)\u00a0Version\u00a0<span class=\"indicator\">1.1 &#8211; mise \u00e0 jour le 29 janvier 2020<\/span><\/li>\n<li>Crit\u00e8res r\u00e9vis\u00e9s d\u2019\u00e9quipe nationale Senior pour athl\u00e8tes de kata et kumit\u00e9, saison 2020-2021 (<a href=\"https:\/\/karatecanada.org\/wp-content\/uploads\/2021\/01\/KC_Sr_NatTeamCriteria_2020-2021_Revised_BOD_17Jan2021_FR.pdf\" target=\"_blank\" rel=\"noopener\">PDF<\/a>) \/ 17 janvier 2021<\/li>\n<li>Crit\u00e8res d\u2019\u00e9quipe nationale Senior pour athl\u00e8tes de kata et kumit\u00e9, saison 2020-2021 (<a href=\"https:\/\/karatecanada.org\/wp-content\/uploads\/2018\/07\/KC_Sr_NatTeamCriteria_2020-2021_Final_BOD_23Feb2020_FR.pdf\" target=\"_blank\" rel=\"noopener\">PDF<\/a>) \/ 23 f\u00e9vrier 2020<\/li>\n<li>Crit\u00e8res r\u00e9vis\u00e9s de s\u00e9lection de l&rsquo;\u00e9quipe de karat\u00e9 du Canada pour le Tournoi de qualification de la WKF en vue des Jeux Olympiques de Tokyo 2020 (proc\u00e9dure interne de nomination) (<a href=\"https:\/\/karatecanada.org\/wp-content\/uploads\/2018\/07\/KC_2020_OG_WKF_Qualifier_INP_Revised_BOD_Final_17Jan2021_FR.pdf\" target=\"_blank\" rel=\"noopener\">PDF<\/a>)\u00a0\/ 17 janvier 2021<\/li>\n<li>Crit\u00e8res de s\u00e9lection de l&rsquo;\u00e9quipe de karat\u00e9 du Canada pour le Tournoi de qualification de la WKF en vue des Jeux Olympiques de Tokyo 2020 (proc\u00e9dure interne de nomination) (<a href=\"https:\/\/karatecanada.org\/wp-content\/uploads\/2019\/10\/KC_2020_OG_WKF_Qualifier_INP_Final_31Oct2019_FR-1.pdf\" target=\"_blank\" rel=\"noopener\">PDF<\/a>)\u00a0\/ 31 octobre 2019<\/li>\n<li>Crit\u00e8res de s\u00e9lection de l&rsquo;\u00e9quipe canadienne de karat\u00e9 des Jeux olympiques de Tokyo 2020 (proc\u00e9dure interne de nomination) (<a href=\"https:\/\/karatecanada.org\/wp-content\/uploads\/2020\/07\/KC_2020_Tokyo_OG_INP_Version2_Final_BOD_10Jul2020_FR.pdf\" target=\"_blank\" rel=\"noopener\">PDF<\/a>) \/ Version 2.0 &#8211; mise \u00e0 jour le 10 juillet 2020<\/li>\n<li>Crit\u00e8res de s\u00e9lection de l\u2019\u00e9quipe nationale Para 2019-2020 (<a href=\"https:\/\/karatecanada.org\/wp-content\/uploads\/2018\/07\/Para-National-Team-Criteria-2019-2020_FR_Approved-01-13-2019.pdf\" target=\"_blank\" rel=\"noopener\">PDF<\/a>) 13 janvier 2019<\/li>\n<li>Classement Tokyo 2020(21) pour la s\u00e9lection de l&rsquo;\u00e9quipe nationale en vue du Tournoi de qualification olympique de la FMK \/ WKF (12 f\u00e9vrier 2021) &#8211; \u00a0(<a href=\"https:\/\/karatecanada.org\/wp-content\/uploads\/2018\/07\/KC_OlympicQualTournament_National-Team-Selection_12Feb2021.xlsx\" target=\"_blank\" rel=\"noopener\">Excel<\/a>)<\/li>\n<li>Classement d&rsquo;\u00e9quipe nationale Senior &#8211; Kata et kumit\u00e9 (6 octobre 2021) &#8211; (<a href=\"https:\/\/karatecanada.org\/wp-content\/uploads\/2021\/10\/FR-Sr_Rankings_October-6_2021.xlsx\">Excel<\/a>)<\/li>\n<li>Classement d\u2019\u00e9quipe nationale Senior &#8211; Kata et kumit\u00e9 (18 f\u00e9vrier 2021) &#8211; (<a href=\"https:\/\/karatecanada.org\/wp-content\/uploads\/2018\/07\/FR-Sr_Rankings_Feb_18_2021.xlsx\" target=\"_blank\" rel=\"noopener\">Excel<\/a>)<\/li>\n<li>Classement d\u2019\u00e9quipe nationale Junior &#8211; Kata (10 f\u00e9vrier 2021) &#8211; (<a href=\"https:\/\/karatecanada.org\/wp-content\/uploads\/2018\/07\/FR-Jr_Kata_Status_Points_Jan_26_2021.xlsx\" target=\"_blank\" rel=\"noopener\">Excel<\/a>)<\/li>\n<li>Classement d\u2019\u00e9quipe nationale Junior &#8211; Kumit\u00e9 (17 f\u00e9vrier 2021) &#8211; (<a href=\"https:\/\/karatecanada.org\/wp-content\/uploads\/2018\/07\/FR-Jr_Kumite_Rankings_Feb_17_2021.xlsx\" target=\"_blank\" rel=\"noopener\">Excel<\/a>)<\/li>\n<\/ul>\n\n\n\t        <\/div>\n    <\/div>\n    \n<\/div>","protected":false},"excerpt":{"rendered":"<p>L&rsquo;\u00c9quipe Canadienne Exigences pour l&rsquo;\u00e9quipe nationale Accord de l&rsquo;athl\u00e8te 2024 18+ Accord de l&rsquo;athl\u00e8te 2024 -18 Crit\u00e8res d&rsquo;\u00e9quipe nationale Crit\u00e8res d\u2019\u00e9quipe nationale Senior pour athl\u00e8tes de kata et kumit\u00e9, saison 2026-2027 (PDF) \/ 5 fevrier 2026 Crit\u00e8res d\u2019\u00e9quipe nationale Junior (kata et kumit\u00e9), saison 2026-2027 (PDF) \/ 5 fevrier 2026 Crit\u00e8res pour l&rsquo;\u00e9quipe nationale de [&hellip;]<\/p>\n","protected":false},"author":7,"featured_media":5832,"parent":0,"template":"","resources-types":[146,223,214,141],"resources-tags":[221],"class_list":["post-7399","resources","type-resources","status-publish","has-post-thumbnail","hentry","resources-types-athletes-fr","resources-types-entraineurs","resources-types-equipe-nationale","resources-types-lignes-directrices","resources-tags-national-team-fr"],"acf":[],"yoast_head":"<!-- This site is optimized with the Yoast SEO plugin v27.3 - https:\/\/yoast.com\/product\/yoast-seo-wordpress\/ -->\n<title>\u00c9quipe nationale - Karate Canada<\/title>\n<meta name=\"robots\" content=\"index, follow, max-snippet:-1, max-image-preview:large, max-video-preview:-1\" \/>\n<link rel=\"canonical\" href=\"https:\/\/karatecanada.org\/fr\/resources\/national-team\/\" \/>\n<meta property=\"og:locale\" content=\"fr_FR\" \/>\n<meta property=\"og:type\" content=\"article\" \/>\n<meta property=\"og:title\" content=\"\u00c9quipe nationale - Karate Canada\" \/>\n<meta property=\"og:description\" content=\"L&rsquo;\u00c9quipe Canadienne Exigences pour l&rsquo;\u00e9quipe nationale Accord de l&rsquo;athl\u00e8te 2024 18+ Accord de l&rsquo;athl\u00e8te 2024 -18 Crit\u00e8res d&rsquo;\u00e9quipe nationale Crit\u00e8res d\u2019\u00e9quipe nationale Senior pour athl\u00e8tes de kata et kumit\u00e9, saison 2026-2027 (PDF) \/ 5 fevrier 2026 Crit\u00e8res d\u2019\u00e9quipe nationale Junior (kata et kumit\u00e9), saison 2026-2027 (PDF) \/ 5 fevrier 2026 Crit\u00e8res pour l&rsquo;\u00e9quipe nationale de [&hellip;]\" \/>\n<meta property=\"og:url\" content=\"https:\/\/karatecanada.org\/fr\/resources\/national-team\/\" \/>\n<meta property=\"og:site_name\" content=\"Karate Canada\" \/>\n<meta property=\"article:modified_time\" content=\"2026-03-03T15:48:06+00:00\" \/>\n<meta property=\"og:image\" content=\"https:\/\/karatecanada.org\/wp-content\/uploads\/2018\/05\/gni-3b.jpg\" \/>\n\t<meta property=\"og:image:width\" content=\"768\" \/>\n\t<meta property=\"og:image:height\" content=\"492\" \/>\n\t<meta property=\"og:image:type\" content=\"image\/jpeg\" \/>\n<meta name=\"twitter:card\" content=\"summary_large_image\" \/>\n<script type=\"application\/ld+json\" class=\"yoast-schema-graph\">{\"@context\":\"https:\\\/\\\/schema.org\",\"@graph\":[{\"@type\":\"WebPage\",\"@id\":\"https:\\\/\\\/karatecanada.org\\\/fr\\\/resources\\\/national-team\\\/\",\"url\":\"https:\\\/\\\/karatecanada.org\\\/fr\\\/resources\\\/national-team\\\/\",\"name\":\"\u00c9quipe nationale - Karate Canada\",\"isPartOf\":{\"@id\":\"https:\\\/\\\/karatecanada.org\\\/fr\\\/#website\"},\"primaryImageOfPage\":{\"@id\":\"https:\\\/\\\/karatecanada.org\\\/fr\\\/resources\\\/national-team\\\/#primaryimage\"},\"image\":{\"@id\":\"https:\\\/\\\/karatecanada.org\\\/fr\\\/resources\\\/national-team\\\/#primaryimage\"},\"thumbnailUrl\":\"https:\\\/\\\/karatecanada.org\\\/wp-content\\\/uploads\\\/2018\\\/05\\\/gni-3b.jpg\",\"datePublished\":\"2018-07-20T13:58:34+00:00\",\"dateModified\":\"2026-03-03T15:48:06+00:00\",\"breadcrumb\":{\"@id\":\"https:\\\/\\\/karatecanada.org\\\/fr\\\/resources\\\/national-team\\\/#breadcrumb\"},\"inLanguage\":\"fr-FR\",\"potentialAction\":[{\"@type\":\"ReadAction\",\"target\":[\"https:\\\/\\\/karatecanada.org\\\/fr\\\/resources\\\/national-team\\\/\"]}]},{\"@type\":\"ImageObject\",\"inLanguage\":\"fr-FR\",\"@id\":\"https:\\\/\\\/karatecanada.org\\\/fr\\\/resources\\\/national-team\\\/#primaryimage\",\"url\":\"https:\\\/\\\/karatecanada.org\\\/wp-content\\\/uploads\\\/2018\\\/05\\\/gni-3b.jpg\",\"contentUrl\":\"https:\\\/\\\/karatecanada.org\\\/wp-content\\\/uploads\\\/2018\\\/05\\\/gni-3b.jpg\",\"width\":768,\"height\":492},{\"@type\":\"BreadcrumbList\",\"@id\":\"https:\\\/\\\/karatecanada.org\\\/fr\\\/resources\\\/national-team\\\/#breadcrumb\",\"itemListElement\":[{\"@type\":\"ListItem\",\"position\":1,\"name\":\"Home\",\"item\":\"https:\\\/\\\/karatecanada.org\\\/fr\\\/\"},{\"@type\":\"ListItem\",\"position\":2,\"name\":\"\u00c9quipe nationale\"}]},{\"@type\":\"WebSite\",\"@id\":\"https:\\\/\\\/karatecanada.org\\\/fr\\\/#website\",\"url\":\"https:\\\/\\\/karatecanada.org\\\/fr\\\/\",\"name\":\"Karate Canada\",\"description\":\"Just another WordPress site\",\"potentialAction\":[{\"@type\":\"SearchAction\",\"target\":{\"@type\":\"EntryPoint\",\"urlTemplate\":\"https:\\\/\\\/karatecanada.org\\\/fr\\\/?s={search_term_string}\"},\"query-input\":{\"@type\":\"PropertyValueSpecification\",\"valueRequired\":true,\"valueName\":\"search_term_string\"}}],\"inLanguage\":\"fr-FR\"}]}<\/script>\n<!-- \/ Yoast SEO plugin. -->","yoast_head_json":{"title":"\u00c9quipe nationale - Karate Canada","robots":{"index":"index","follow":"follow","max-snippet":"max-snippet:-1","max-image-preview":"max-image-preview:large","max-video-preview":"max-video-preview:-1"},"canonical":"https:\/\/karatecanada.org\/fr\/resources\/national-team\/","og_locale":"fr_FR","og_type":"article","og_title":"\u00c9quipe nationale - Karate Canada","og_description":"L&rsquo;\u00c9quipe Canadienne Exigences pour l&rsquo;\u00e9quipe nationale Accord de l&rsquo;athl\u00e8te 2024 18+ Accord de l&rsquo;athl\u00e8te 2024 -18 Crit\u00e8res d&rsquo;\u00e9quipe nationale Crit\u00e8res d\u2019\u00e9quipe nationale Senior pour athl\u00e8tes de kata et kumit\u00e9, saison 2026-2027 (PDF) \/ 5 fevrier 2026 Crit\u00e8res d\u2019\u00e9quipe nationale Junior (kata et kumit\u00e9), saison 2026-2027 (PDF) \/ 5 fevrier 2026 Crit\u00e8res pour l&rsquo;\u00e9quipe nationale de [&hellip;]","og_url":"https:\/\/karatecanada.org\/fr\/resources\/national-team\/","og_site_name":"Karate Canada","article_modified_time":"2026-03-03T15:48:06+00:00","og_image":[{"width":768,"height":492,"url":"https:\/\/karatecanada.org\/wp-content\/uploads\/2018\/05\/gni-3b.jpg","type":"image\/jpeg"}],"twitter_card":"summary_large_image","schema":{"@context":"https:\/\/schema.org","@graph":[{"@type":"WebPage","@id":"https:\/\/karatecanada.org\/fr\/resources\/national-team\/","url":"https:\/\/karatecanada.org\/fr\/resources\/national-team\/","name":"\u00c9quipe nationale - Karate Canada","isPartOf":{"@id":"https:\/\/karatecanada.org\/fr\/#website"},"primaryImageOfPage":{"@id":"https:\/\/karatecanada.org\/fr\/resources\/national-team\/#primaryimage"},"image":{"@id":"https:\/\/karatecanada.org\/fr\/resources\/national-team\/#primaryimage"},"thumbnailUrl":"https:\/\/karatecanada.org\/wp-content\/uploads\/2018\/05\/gni-3b.jpg","datePublished":"2018-07-20T13:58:34+00:00","dateModified":"2026-03-03T15:48:06+00:00","breadcrumb":{"@id":"https:\/\/karatecanada.org\/fr\/resources\/national-team\/#breadcrumb"},"inLanguage":"fr-FR","potentialAction":[{"@type":"ReadAction","target":["https:\/\/karatecanada.org\/fr\/resources\/national-team\/"]}]},{"@type":"ImageObject","inLanguage":"fr-FR","@id":"https:\/\/karatecanada.org\/fr\/resources\/national-team\/#primaryimage","url":"https:\/\/karatecanada.org\/wp-content\/uploads\/2018\/05\/gni-3b.jpg","contentUrl":"https:\/\/karatecanada.org\/wp-content\/uploads\/2018\/05\/gni-3b.jpg","width":768,"height":492},{"@type":"BreadcrumbList","@id":"https:\/\/karatecanada.org\/fr\/resources\/national-team\/#breadcrumb","itemListElement":[{"@type":"ListItem","position":1,"name":"Home","item":"https:\/\/karatecanada.org\/fr\/"},{"@type":"ListItem","position":2,"name":"\u00c9quipe nationale"}]},{"@type":"WebSite","@id":"https:\/\/karatecanada.org\/fr\/#website","url":"https:\/\/karatecanada.org\/fr\/","name":"Karate Canada","description":"Just another WordPress site","potentialAction":[{"@type":"SearchAction","target":{"@type":"EntryPoint","urlTemplate":"https:\/\/karatecanada.org\/fr\/?s={search_term_string}"},"query-input":{"@type":"PropertyValueSpecification","valueRequired":true,"valueName":"search_term_string"}}],"inLanguage":"fr-FR"}]}},"featured_image_src":"https:\/\/karatecanada.org\/wp-content\/uploads\/2018\/05\/gni-3b-768x492.jpg","category":"Athl\u00e8tes","_links":{"self":[{"href":"https:\/\/karatecanada.org\/fr\/wp-json\/wp\/v2\/resources\/7399","targetHints":{"allow":["GET"]}}],"collection":[{"href":"https:\/\/karatecanada.org\/fr\/wp-json\/wp\/v2\/resources"}],"about":[{"href":"https:\/\/karatecanada.org\/fr\/wp-json\/wp\/v2\/types\/resources"}],"author":[{"embeddable":true,"href":"https:\/\/karatecanada.org\/fr\/wp-json\/wp\/v2\/users\/7"}],"wp:featuredmedia":[{"embeddable":true,"href":"https:\/\/karatecanada.org\/fr\/wp-json\/wp\/v2\/media\/5832"}],"wp:attachment":[{"href":"https:\/\/karatecanada.org\/fr\/wp-json\/wp\/v2\/media?parent=7399"}],"wp:term":[{"taxonomy":"resources-types","embeddable":true,"href":"https:\/\/karatecanada.org\/fr\/wp-json\/wp\/v2\/resources-types?post=7399"},{"taxonomy":"resources-tags","embeddable":true,"href":"https:\/\/karatecanada.org\/fr\/wp-json\/wp\/v2\/resources-tags?post=7399"}],"curies":[{"name":"wp","href":"https:\/\/api.w.org\/{rel}","templated":true}]}}